{"id":4837,"date":"2026-08-31T19:04:12","date_gmt":"2026-08-31T17:04:12","guid":{"rendered":"https:\/\/kustlandet.se\/?post_type=projekt&#038;p=4837"},"modified":"2026-08-31T19:04:17","modified_gmt":"2026-08-31T17:04:17","slug":"tillganglighet-och-trygghet-for-hast-och-manniska","status":"publish","type":"projekt","link":"https:\/\/kustlandet.se\/en\/projekt\/tillganglighet-och-trygghet-for-hast-och-manniska\/","title":{"rendered":"Tillg\u00e4nglighet och Trygghet f\u00f6r H\u00e4st och M\u00e4nniska"},"content":{"rendered":"<p>[et_pb_section fb_built=&#8221;1&#8243; _builder_version=&#8221;4.18.1&#8243; _module_preset=&#8221;default&#8221; custom_margin=&#8221;0px|0px|0px|0px|false|false&#8221; custom_padding=&#8221;0px|0px|0px|0px|false|false&#8221; locked=&#8221;off&#8221; global_colors_info=&#8221;{}&#8221;][et_pb_row column_structure=&#8221;1_2,1_2&#8243; use_custom_gutter=&#8221;on&#8221; gutter_width=&#8221;1&#8243; make_equal=&#8221;on&#8221; _builder_version=&#8221;4.27.7&#8243; _module_preset=&#8221;default&#8221; width=&#8221;100%&#8221; max_width=&#8221;100%&#8221; custom_margin=&#8221;0px|0px|0px|0px|false|false&#8221; custom_padding=&#8221;0px|0px|0px|0px|false|false&#8221; global_colors_info=&#8221;{}&#8221;][et_pb_column type=&#8221;1_2&#8243; _builder_version=&#8221;4.18.1&#8243; _module_preset=&#8221;default&#8221; background_color=&#8221;#4D5A31&#8243; background_image=&#8221;https:\/\/kustlandet.se\/wp-content\/uploads\/sites\/20\/2022\/12\/leaf.png&#8221; background_size=&#8221;custom&#8221; background_image_width=&#8221;300px&#8221; background_position=&#8221;bottom_left&#8221; background_horizontal_offset=&#8221;-100px&#8221; background_vertical_offset=&#8221;-350px&#8221; custom_padding=&#8221;120px|40px|120px|120px|false|false&#8221; custom_padding_tablet=&#8221;100px|40px|100px|80px|false|false&#8221; custom_padding_phone=&#8221;80px|40px|80px|40px|false|false&#8221; background_last_edited=&#8221;on|desktop&#8221; background_size_tablet=&#8221;custom&#8221; background_image_width_tablet=&#8221;220px&#8221; background_image_width_phone=&#8221;240px&#8221; background_position_tablet=&#8221;top_left&#8221; background_position_phone=&#8221;bottom_left&#8221; background_horizontal_offset_tablet=&#8221;-30px&#8221; background_horizontal_offset_phone=&#8221;-80px&#8221; background_vertical_offset_tablet=&#8221;220px&#8221; background_vertical_offset_phone=&#8221;-260px&#8221; global_colors_info=&#8221;{}&#8221; custom_css_main_element_last_edited=&#8221;off|desktop&#8221;][et_pb_text content_tablet=&#8221;<\/p>\n<h1><strong>Tillg\u00e4nglighet och Trygghet f\u00f6r H\u00e4st <br \/>och M\u00e4nniska<\/strong><\/h1>\n<p>&#8221; content_phone=&#8221;<\/p>\n<h1><strong>Tillg\u00e4nglighet och Trygghet f\u00f6r H\u00e4st och M\u00e4nniska<\/strong><\/h1>\n<p>&#8221; content_last_edited=&#8221;on|tablet&#8221; _builder_version=&#8221;4.27.7&#8243; _module_preset=&#8221;default&#8221; header_font=&#8221;Oswald|500||on|||||&#8221; header_text_color=&#8221;#DDE5DA&#8221; header_font_size=&#8221;56px&#8221; max_width_tablet=&#8221;&#8221; max_width_phone=&#8221;&#8221; max_width_last_edited=&#8221;on|desktop&#8221; min_height=&#8221;56.2px&#8221; custom_margin=&#8221;||-19px||false|false&#8221; custom_padding=&#8221;||0px|||&#8221; header_font_size_tablet=&#8221;52px&#8221; header_font_size_phone=&#8221;35px&#8221; global_colors_info=&#8221;{}&#8221;]<\/p>\n<h1><strong>Tillg\u00e4nglighet och Trygghet f\u00f6r H\u00e4st och M\u00e4nniska<\/strong><\/h1>\n<p>&nbsp;<\/p>\n<p>[\/et_pb_text][\/et_pb_column][et_pb_column type=&#8221;1_2&#8243; _builder_version=&#8221;4.27.7&#8243; _module_preset=&#8221;default&#8221; background_color=&#8221;#A8C082&#8243; background_image=&#8221;https:\/\/kustlandet.se\/wp-content\/uploads\/sites\/20\/2023\/01\/Projektide-1.png&#8221; custom_padding=&#8221;0px|0px|0px|0px|false|false&#8221; custom_padding_last_edited=&#8221;off|desktop&#8221; global_colors_info=&#8221;{}&#8221;][\/et_pb_column][\/et_pb_row][\/et_pb_section][et_pb_section fb_built=&#8221;1&#8243; custom_padding_last_edited=&#8221;on|tablet&#8221; _builder_version=&#8221;4.19.4&#8243; _module_preset=&#8221;default&#8221; custom_margin=&#8221;-66px|||||&#8221; custom_padding=&#8221;||0px||false|false&#8221; custom_padding_tablet=&#8221;0px||0px||false|false&#8221; custom_padding_phone=&#8221;0px||0px||false|false&#8221; global_colors_info=&#8221;{}&#8221;][et_pb_row column_structure=&#8221;2_5,3_5&#8243; _builder_version=&#8221;4.19.4&#8243; _module_preset=&#8221;default&#8221; global_colors_info=&#8221;{}&#8221;][et_pb_column type=&#8221;2_5&#8243; _builder_version=&#8221;4.19.4&#8243; _module_preset=&#8221;default&#8221; global_colors_info=&#8221;{}&#8221;][et_pb_text _builder_version=&#8221;4.19.4&#8243; _module_preset=&#8221;default&#8221; custom_margin=&#8221;9px||10px||false|false&#8221; custom_padding=&#8221;||||false|false&#8221; global_colors_info=&#8221;{}&#8221;]<\/p>\n<h2>Om projektet<\/h2>\n<p>[\/et_pb_text][\/et_pb_column][et_pb_column type=&#8221;3_5&#8243; _builder_version=&#8221;4.19.4&#8243; _module_preset=&#8221;default&#8221; custom_padding_tablet=&#8221;0px|30px|0px|30px|false|false&#8221; global_colors_info=&#8221;{}&#8221;][et_pb_text _builder_version=&#8221;4.27.6&#8243; _module_preset=&#8221;default&#8221; width=&#8221;103.09005297233666%&#8221; custom_margin=&#8221;|-21px|10px||false|false&#8221; custom_padding=&#8221;|2px|0px|0px||&#8221; global_colors_info=&#8221;{}&#8221;]<\/p>\n<p>P\u00e5 H\u00e4radsvallen, utanf\u00f6r M\u00f6nster\u00e5s, har Islandsh\u00e4stf\u00f6reningen Strokkur skapat en aktiv och uppskattad m\u00f6tesplats f\u00f6r islandsh\u00e4stsporten. H\u00e4r samlas barn, ungdomar och vuxna f\u00f6r tr\u00e4ningar, kurser och t\u00e4vlingar. Anl\u00e4ggningen anv\u00e4nds \u00e4ven av g\u00e4stande ryttare och f\u00f6reningar fr\u00e5n hela regionen. Intresset f\u00f6r verksamheten v\u00e4xer och f\u00f6reningen har m\u00f6jlighet att genomf\u00f6ra fler och st\u00f6rre t\u00e4vlingsarrangemang. F\u00f6r att kunna m\u00f6ta denna utveckling beh\u00f6ver anl\u00e4ggningen f\u00f6rb\u00e4ttras och anpassas f\u00f6r fler bes\u00f6kare, h\u00e4star och ekipage.<\/p>\n<p>\u00a0I dag saknas en s\u00e4ker och \u00e4ndam\u00e5lsenlig tillfartsv\u00e4g samt tillr\u00e4ckliga uppstallningsm\u00f6jligheter. Detta begr\u00e4nsar anl\u00e4ggningens kapacitet och f\u00f6rsv\u00e5rar b\u00e5de den dagliga verksamheten och m\u00f6jligheten att arrangera st\u00f6rre t\u00e4vlingar p\u00e5 ett tryggt och funktionellt s\u00e4tt.\u00a0<\/p>\n<p>Inom projektet ska f\u00f6reningen g\u00f6ra H\u00e4radsvallen s\u00e4krare, mer tillg\u00e4nglig och b\u00e4ttre rustad f\u00f6r framtidens behov. Projektet omfattar anl\u00e4ggandet av 130 meter ny grusv\u00e4g samt \u00e5tta nya uteboxar. Den nya tillfartsv\u00e4gen f\u00f6rb\u00e4ttrar framkomligheten och logistiken, medan uteboxarna skapar b\u00e4ttre och s\u00e4krare uppstallningsm\u00f6jligheter vid tr\u00e4ningar, t\u00e4vlingar och andra arrangemang.\u00a0\u00a0<\/p>\n<p>Satsningen skapar b\u00e4ttre f\u00f6ruts\u00e4ttningar f\u00f6r Strokkur att utveckla sin f\u00f6reningsverksamhet f\u00f6r barn, ungdomar och vuxna samt att v\u00e4lkomna fler ryttare och f\u00f6reningar till anl\u00e4ggningen. Den ger ocks\u00e5 m\u00f6jlighet att genomf\u00f6ra fler och st\u00f6rre arrangemang och bidrar till att st\u00e4rka M\u00f6nster\u00e5s kommuns attraktivitet som plats f\u00f6r ridsport och h\u00e4stsportevenemang.<\/p>\n<p>&nbsp;<\/p>\n<p>[\/et_pb_text][et_pb_text _builder_version=&#8221;4.27.6&#8243; _module_preset=&#8221;default&#8221; text_text_color=&#8221;#000000&#8243; header_3_text_color=&#8221;#0C4160&#8243; width=&#8221;103.09005297233666%&#8221; custom_margin=&#8221;|-21px|10px||false|false&#8221; custom_padding=&#8221;0px|2px||0px||&#8221; global_colors_info=&#8221;{}&#8221;]<\/p>\n<h3>Projektets syfte och m\u00e5l<\/h3>\n<p>Syftet med projektet \u00e4r att skapa en s\u00e4ker, tillg\u00e4nglig och funktionell anl\u00e4ggning som ger f\u00f6reningen b\u00e4ttre f\u00f6ruts\u00e4ttningar att utveckla sin verksamhet och arrangera fler och st\u00f6rre aktiviteter och t\u00e4vlingar.\u00a0<\/p>\n<p>M\u00e5let \u00e4r att f\u00e4rdigst\u00e4lla 130 meter ny grusv\u00e4g och \u00e5tta nya uteboxar. Investeringarna ska f\u00f6rb\u00e4ttra framkomligheten, skapa effektivare och s\u00e4krare logistik samt ge anl\u00e4ggningen tillr\u00e4cklig kapacitet f\u00f6r fler h\u00e4star och ekipage.<\/p>\n<p>Projektet ska samtidigt skapa b\u00e4ttre f\u00f6ruts\u00e4ttningar f\u00f6r fler tr\u00e4ningar, t\u00e4vlingar och aktiviteter f\u00f6r barn, ungdomar och vuxna. P\u00e5 l\u00e4ngre sikt ska projektet bidra till att st\u00e4rka M\u00f6nster\u00e5s som en attraktiv destination f\u00f6r ridsport och st\u00f6rre h\u00e4stsportevenemang, vilket i sin tur kan bidra till \u00f6kad turism och st\u00e4rkt bes\u00f6ksn\u00e4ring i omr\u00e5det.<\/p>\n<p>[\/et_pb_text][\/et_pb_column][\/et_pb_row][\/et_pb_section][et_pb_section fb_built=&#8221;1&#8243; custom_padding_last_edited=&#8221;on|tablet&#8221; disabled_on=&#8221;on|on|on&#8221; _builder_version=&#8221;4.19.4&#8243; _module_preset=&#8221;default&#8221; custom_padding=&#8221;||0px||false|false&#8221; custom_padding_tablet=&#8221;0px||0px||false|false&#8221; custom_padding_phone=&#8221;0px||0px||false|false&#8221; disabled=&#8221;on&#8221; global_colors_info=&#8221;{}&#8221;][et_pb_row column_structure=&#8221;1_2,1_2&#8243; _builder_version=&#8221;4.19.4&#8243; _module_preset=&#8221;f5fa9002-e1ac-46a1-bbe6-abcf9e7f7c4e&#8221; background_color=&#8221;#0C4160&#8243; custom_css_main_element=&#8221;display: flex;&#8221; locked=&#8221;off&#8221; global_colors_info=&#8221;{}&#8221; custom_css_main_element_tablet=&#8221;display: block&#8221;][et_pb_column type=&#8221;1_2&#8243; _builder_version=&#8221;4.18.1&#8243; _module_preset=&#8221;46324cd7-25ce-45c8-b351-a4d0778ffc36&#8243; custom_padding=&#8221;0px|0px|0px|0px|false|false&#8221; custom_padding_tablet=&#8221;0px|0px|0px|0px|false|false&#8221; custom_padding_phone=&#8221;0px|0px|30px|0px|false|false&#8221; custom_padding_last_edited=&#8221;on|phone&#8221; global_colors_info=&#8221;{}&#8221;][et_pb_gallery gallery_ids=&#8221;568,570,572&#8243; fullwidth=&#8221;on&#8221; _builder_version=&#8221;4.19.4&#8243; _module_preset=&#8221;default&#8221; title_text_color=&#8221;#FFFFFF&#8221; pagination_text_color=&#8221;#FFFFFF&#8221; global_colors_info=&#8221;{}&#8221;][\/et_pb_gallery][\/et_pb_column][et_pb_column type=&#8221;1_2&#8243; _builder_version=&#8221;4.19.4&#8243; _module_preset=&#8221;46324cd7-25ce-45c8-b351-a4d0778ffc36&#8243; custom_padding=&#8221;40px|40px||40px|false|false&#8221; custom_padding_tablet=&#8221;30px|30px||30px|false|false&#8221; custom_padding_phone=&#8221;0px|0px||0px|false|false&#8221; custom_padding_last_edited=&#8221;on|phone&#8221; custom_css_main_element=&#8221;display: flex;||flex-direction: column;||justify-content: center;&#8221; global_colors_info=&#8221;{}&#8221; custom_css_main_element_tablet=&#8221;display: block;&#8221; custom_css_main_element_phone=&#8221;display: block;&#8221;][et_pb_text _builder_version=&#8221;4.19.5&#8243; _module_preset=&#8221;85ddcd9a-bba9-4dcd-9673-e023bb3f643a&#8221; text_font=&#8221;Oswald|500||on|||||&#8221; text_font_size_tablet=&#8221;14px&#8221; text_font_size_phone=&#8221;12px&#8221; text_font_size_last_edited=&#8221;on|phone&#8221; global_colors_info=&#8221;{}&#8221;]Citat fr\u00e5n projektans\u00f6kan[\/et_pb_text][et_pb_text _builder_version=&#8221;4.19.4&#8243; _module_preset=&#8221;85ddcd9a-bba9-4dcd-9673-e023bb3f643a&#8221; global_colors_info=&#8221;{}&#8221;]<\/p>\n<h2>\u201dLeader hj\u00e4lpte oss att f\u00f6rverkliga v\u00e5r klimatomst\u00e4llning\u201d<\/h2>\n<p>[\/et_pb_text][\/et_pb_column][\/et_pb_row][\/et_pb_section][et_pb_section fb_built=&#8221;1&#8243; custom_padding_last_edited=&#8221;on|tablet&#8221; disabled_on=&#8221;on|on|on&#8221; _builder_version=&#8221;4.19.4&#8243; _module_preset=&#8221;default&#8221; custom_padding=&#8221;||||false|false&#8221; custom_padding_tablet=&#8221;0px||||false|false&#8221; custom_padding_phone=&#8221;0px||||false|false&#8221; disabled=&#8221;on&#8221; global_colors_info=&#8221;{}&#8221;][et_pb_row column_structure=&#8221;1_2,1_2&#8243; custom_padding_last_edited=&#8221;on|tablet&#8221; _builder_version=&#8221;4.19.4&#8243; _module_preset=&#8221;default&#8221; custom_padding_tablet=&#8221;0px||||false|false&#8221; custom_padding_phone=&#8221;0px||||false|false&#8221; global_colors_info=&#8221;{}&#8221;][et_pb_column type=&#8221;1_2&#8243; _builder_version=&#8221;4.19.4&#8243; _module_preset=&#8221;default&#8221; global_colors_info=&#8221;{}&#8221;][et_pb_text _builder_version=&#8221;4.19.4&#8243; _module_preset=&#8221;default&#8221; global_colors_info=&#8221;{}&#8221;]<\/p>\n<h2>H\u00e4r \u00e4r en underrubrik<\/h2>\n<p>[\/et_pb_text][et_pb_text _builder_version=&#8221;4.19.4&#8243; _module_preset=&#8221;default&#8221; global_colors_info=&#8221;{}&#8221;]Lorem ipsum dolor sit amet, consectetur adipiscing elit, sed do eiusmod tempor incididunt ut labore et dolore magna aliqua. Ut enim ad minim veniam, quis nostrud exercitation ullamco laboris nisi ut aliquip ex ea commodo consequat. Duis aute irure dolor in reprehenderit in voluptate velit esse cillum dolore eu fugiat nulla pariatur.<\/p>\n<p>Excepteur sint occaecat cupidatat non proident, sunt in culpa qui officia deserunt mollit anim id est laborum. Lorem ipsum dolor sit amet, consectetur adipiscing elit, sed do eiusmod tempor incididunt ut labore et dolore magna aliqua. Ut enim ad minim veniam, quis nostrud exercitation ullamco laboris nisi ut aliquip ex ea commodo consequat.[\/et_pb_text][\/et_pb_column][et_pb_column type=&#8221;1_2&#8243; _builder_version=&#8221;4.19.4&#8243; _module_preset=&#8221;default&#8221; global_colors_info=&#8221;{}&#8221;][et_pb_video src=&#8221;https:\/\/youtu.be\/u31qwQUeGuM&#8221; _builder_version=&#8221;4.19.4&#8243; _module_preset=&#8221;default&#8221; global_colors_info=&#8221;{}&#8221;][\/et_pb_video][\/et_pb_column][\/et_pb_row][\/et_pb_section][et_pb_section fb_built=&#8221;1&#8243; custom_padding_last_edited=&#8221;on|tablet&#8221; _builder_version=&#8221;4.19.4&#8243; _module_preset=&#8221;default&#8221; background_color=&#8221;#DDE5DA&#8221; custom_padding=&#8221;0px||0px||false|false&#8221; custom_padding_tablet=&#8221;0px||0px||false|false&#8221; custom_padding_phone=&#8221;0px||0px||false|false&#8221; global_colors_info=&#8221;{}&#8221;][et_pb_row column_structure=&#8221;1_3,1_3,1_3&#8243; _builder_version=&#8221;4.19.4&#8243; _module_preset=&#8221;default&#8221; custom_padding=&#8221;||78px|||&#8221; global_colors_info=&#8221;{}&#8221;][et_pb_column type=&#8221;1_3&#8243; _builder_version=&#8221;4.19.4&#8243; _module_preset=&#8221;default&#8221; global_colors_info=&#8221;{}&#8221;][et_pb_text _builder_version=&#8221;4.24.2&#8243; _module_preset=&#8221;c04db86c-e499-4427-86fb-2307eaad8705&#8243; text_font=&#8221;Oswald|500||on|||||&#8221; text_text_color=&#8221;#4D5A31&#8243; text_font_size=&#8221;20px&#8221; text_font_size_tablet=&#8221;14px&#8221; text_font_size_phone=&#8221;16px&#8221; text_font_size_last_edited=&#8221;on|phone&#8221; locked=&#8221;off&#8221; global_colors_info=&#8221;{}&#8221;]Om projektet<br \/>\n[\/et_pb_text][et_pb_text _builder_version=&#8221;4.27.7&#8243; _module_preset=&#8221;default&#8221; custom_margin=&#8221;20px||20px||false|false&#8221; global_colors_info=&#8221;{}&#8221;]<\/p>\n<p><strong>Projektperiod<br \/><\/strong>26.01.25-27.05.31<\/p>\n<p>[\/et_pb_text][et_pb_text _builder_version=&#8221;4.27.7&#8243; _module_preset=&#8221;default&#8221; custom_margin=&#8221;20px||20px||false|false&#8221; global_colors_info=&#8221;{}&#8221;]<strong>Projekttyp<br \/>\n<\/strong>Projektst\u00f6d till f\u00f6retag<br \/>\n[\/et_pb_text][et_pb_text _builder_version=&#8221;4.27.7&#8243; _module_preset=&#8221;default&#8221; custom_margin=&#8221;20px||20px||false|false&#8221; global_colors_info=&#8221;{}&#8221;]<\/p>\n<p><strong>Insatsomr\u00e5de<br \/><\/strong>Boende, infrastruktur och kommunikationer<\/p>\n<p>[\/et_pb_text][et_pb_text _builder_version=&#8221;4.27.7&#8243; _module_preset=&#8221;default&#8221; custom_margin=&#8221;20px||20px||false|false&#8221; global_colors_info=&#8221;{}&#8221;]<\/p>\n<p><strong>Projekt\u00e4gare<br \/><\/strong>Islandsh\u00e4stf\u00f6reningen Strokkur<\/p>\n<p>[\/et_pb_text][et_pb_text _builder_version=&#8221;4.27.7&#8243; _module_preset=&#8221;default&#8221; custom_margin=&#8221;20px||20px||false|false&#8221; global_colors_info=&#8221;{}&#8221;]<\/p>\n<p><strong>Kontaktperson<br \/><\/strong>Ylva Alexandersson<\/p>\n<p>[\/et_pb_text][et_pb_text _builder_version=&#8221;4.27.7&#8243; _module_preset=&#8221;default&#8221; custom_margin=&#8221;20px||20px||false|false&#8221; global_colors_info=&#8221;{}&#8221;]<\/p>\n<p><strong>Webb och sociala medier<br \/><\/strong><a href=\"https:\/\/www.strokkur.se\/haradsvallen-2\/\">Webbsida<\/a><\/p>\n<p>[\/et_pb_text][\/et_pb_column][et_pb_column type=&#8221;1_3&#8243; _builder_version=&#8221;4.19.4&#8243; _module_preset=&#8221;default&#8221; global_colors_info=&#8221;{}&#8221;][\/et_pb_column][et_pb_column type=&#8221;1_3&#8243; _builder_version=&#8221;4.19.4&#8243; _module_preset=&#8221;default&#8221; global_colors_info=&#8221;{}&#8221;][et_pb_text _builder_version=&#8221;4.24.2&#8243; _module_preset=&#8221;c04db86c-e499-4427-86fb-2307eaad8705&#8243; text_font=&#8221;Oswald|500||on|||||&#8221; text_text_color=&#8221;#4D5A31&#8243; text_font_size=&#8221;20px&#8221; header_5_font_size=&#8221;26px&#8221; text_font_size_tablet=&#8221;14px&#8221; text_font_size_phone=&#8221;16px&#8221; text_font_size_last_edited=&#8221;on|phone&#8221; header_5_font_size_tablet=&#8221;26px&#8221; header_5_font_size_phone=&#8221;26px&#8221; header_5_font_size_last_edited=&#8221;on|phone&#8221; locked=&#8221;off&#8221; global_colors_info=&#8221;{}&#8221;]Om finansiering<br \/>\n[\/et_pb_text][et_pb_text _builder_version=&#8221;4.27.7&#8243; _module_preset=&#8221;default&#8221; custom_margin=&#8221;20px||20px||false|false&#8221; global_colors_info=&#8221;{}&#8221;]<\/p>\n<p><strong>Beviljat leaderst\u00f6d<br \/><\/strong>784 640 kr<\/p>\n<p>[\/et_pb_text][et_pb_text _builder_version=&#8221;4.27.7&#8243; _module_preset=&#8221;default&#8221; custom_margin=&#8221;20px||20px||false|false&#8221; global_colors_info=&#8221;{}&#8221;]<\/p>\n<p><strong>\u00d6vrig offentlig finansiering<br \/><\/strong>M\u00f6nster\u00e5s kommun 150 000 kr<\/p>\n<p>[\/et_pb_text][et_pb_text _builder_version=&#8221;4.27.7&#8243; _module_preset=&#8221;default&#8221; custom_margin=&#8221;20px||20px||false|false&#8221; global_colors_info=&#8221;{}&#8221;]<\/p>\n<p><strong>Privat finansiering.<br \/><\/strong>Egen finansiering: 200 000 kr<\/p>\n<p>[\/et_pb_text][et_pb_text _builder_version=&#8221;4.27.7&#8243; _module_preset=&#8221;default&#8221; custom_margin=&#8221;20px||20px||false|false&#8221; global_colors_info=&#8221;{}&#8221;]<\/p>\n<p><strong>Ideellt arbete:\u00a0<\/strong><b><br \/><\/b>200 h ideellt arbete<\/p>\n<p>[\/et_pb_text][et_pb_text _builder_version=&#8221;4.27.7&#8243; _module_preset=&#8221;default&#8221; custom_margin=&#8221;20px||20px||false|false&#8221; global_colors_info=&#8221;{}&#8221;]<\/p>\n<p><strong>Total finansiering<\/strong><b><br \/><\/b>1 134 640 kr<\/p>\n<p>[\/et_pb_text][et_pb_text _builder_version=&#8221;4.27.7&#8243; _module_preset=&#8221;default&#8221; custom_margin=&#8221;20px||20px||false|false&#8221; global_colors_info=&#8221;{}&#8221;]<\/p>\n<p>Leaderst\u00f6det best\u00e5r av finansiering fr\u00e5n EU och staten och Kustlandets kommuner.\u00a0<\/p>\n<p>[\/et_pb_text][et_pb_text _builder_version=&#8221;4.19.4&#8243; _module_preset=&#8221;default&#8221; custom_margin=&#8221;20px||20px||false|false&#8221; global_colors_info=&#8221;{}&#8221;]<b>Ing\u00e5ende EU-medel har beviljats ur:<br \/>\n<\/b>Landsbygdsfonden[\/et_pb_text][et_pb_button button_url=&#8221;@ET-DC@eyJkeW5hbWljIjp0cnVlLCJjb250ZW50IjoicG9zdF9saW5rX3VybF9wYWdlIiwic2V0dGluZ3MiOnsicG9zdF9pZCI6IjYwMyIsImVuYWJsZV9odG1sIjoib2ZmIn19@&#8221; button_text=&#8221;Tillbaka till alla projekt&#8221; _builder_version=&#8221;4.25.2&#8243; _dynamic_attributes=&#8221;button_url&#8221; _module_preset=&#8221;default&#8221; global_colors_info=&#8221;{}&#8221;][\/et_pb_button][\/et_pb_column][\/et_pb_row][\/et_pb_section][et_pb_section fb_built=&#8221;1&#8243; fullwidth=&#8221;on&#8221; _builder_version=&#8221;4.19.5&#8243; _module_preset=&#8221;default&#8221; background_color=&#8221;#A8C082&#8243; custom_margin=&#8221;-43px||-5px|||&#8221; global_colors_info=&#8221;{}&#8221;][\/et_pb_section][et_pb_section fb_built=&#8221;1&#8243; fullwidth=&#8221;on&#8221; _builder_version=&#8221;4.19.5&#8243; _module_preset=&#8221;default&#8221; background_color=&#8221;#A8C082&#8243; min_height=&#8221;123px&#8221; custom_margin=&#8221;||-69px|||&#8221; custom_padding=&#8221;0px||0px|||&#8221; global_colors_info=&#8221;{}&#8221;][\/et_pb_section]<\/p>\n","protected":false},"excerpt":{"rendered":"<p>Islandsh\u00e4stf\u00f6reningen Strokkur utvecklar verksamheten f\u00f6r en s\u00e4krare anl\u00e4ggning och m\u00f6jlighet till st\u00f6rre h\u00e4stsportevenemang.<\/p>","protected":false},"featured_media":4233,"template":"","meta":{"_acf_changed":false,"_et_pb_use_builder":"on","_et_pb_old_content":"","_et_gb_content_width":"","_links_to":"","_links_to_target":""},"projektstatus":[13],"insatsomrade":[29],"projekttyp":[26],"programperiod":[22],"plats-for-genomforande":[],"kommun":[45],"typ_av_projektagare":[27],"class_list":["post-4837","projekt","type-projekt","status-publish","has-post-thumbnail","hentry","projektstatus-aktuellt","insatsomrade-boende-infrastruktur-och-kommunikationer","projekttyp-projektstod","programperiod-2023-2027","kommun-monsteras-kommun","typ_av_projektagare-forening"],"acf":[],"yoast_head":"<!-- This site is optimized with the Yoast SEO plugin v28.2 - https:\/\/yoast.com\/product\/yoast-seo-wordpress\/ -->\n<title>Tillg\u00e4nglighet och Trygghet f\u00f6r H\u00e4st och M\u00e4nniska - Kustlandet<\/title>\n<meta name=\"description\" content=\"Islandsh\u00e4stf\u00f6reningen Strokkur utvecklar verksamheten f\u00f6r en s\u00e4krare anl\u00e4ggning och m\u00f6jlighet till st\u00f6rre h\u00e4stsportevenemang.\" \/>\n<meta name=\"robots\" content=\"index, follow, max-snippet:-1, max-image-preview:large, max-video-preview:-1\" \/>\n<link rel=\"canonical\" href=\"https:\/\/kustlandet.se\/en\/projekt\/tillganglighet-och-trygghet-for-hast-och-manniska\/\" \/>\n<meta property=\"og:locale\" content=\"en_US\" \/>\n<meta property=\"og:type\" content=\"article\" \/>\n<meta property=\"og:title\" content=\"Tillg\u00e4nglighet och Trygghet f\u00f6r H\u00e4st och M\u00e4nniska - Kustlandet\" \/>\n<meta property=\"og:description\" content=\"Islandsh\u00e4stf\u00f6reningen Strokkur utvecklar verksamheten f\u00f6r en s\u00e4krare anl\u00e4ggning och m\u00f6jlighet till st\u00f6rre h\u00e4stsportevenemang.\" \/>\n<meta property=\"og:url\" content=\"https:\/\/kustlandet.se\/en\/projekt\/tillganglighet-och-trygghet-for-hast-och-manniska\/\" \/>\n<meta property=\"og:site_name\" content=\"Kustlandet\" \/>\n<meta property=\"article:modified_time\" content=\"2026-08-31T17:04:17+00:00\" \/>\n<meta property=\"og:image\" content=\"https:\/\/kustlandet.se\/wp-content\/uploads\/sites\/20\/2023\/01\/Projektide-1.png\" \/>\n\t<meta property=\"og:image:width\" content=\"1500\" \/>\n\t<meta property=\"og:image:height\" content=\"1000\" \/>\n\t<meta property=\"og:image:type\" content=\"image\/png\" \/>\n<meta name=\"twitter:card\" content=\"summary_large_image\" \/>\n<meta name=\"twitter:label1\" content=\"Est. reading time\" \/>\n\t<meta name=\"twitter:data1\" content=\"3 minutes\" \/>\n<script type=\"application\/ld+json\" class=\"yoast-schema-graph\">{\"@context\":\"https:\\\/\\\/schema.org\",\"@graph\":[{\"@type\":\"WebPage\",\"@id\":\"https:\\\/\\\/kustlandet.se\\\/projekt\\\/tillganglighet-och-trygghet-for-hast-och-manniska\\\/\",\"url\":\"https:\\\/\\\/kustlandet.se\\\/projekt\\\/tillganglighet-och-trygghet-for-hast-och-manniska\\\/\",\"name\":\"Tillg\u00e4nglighet och Trygghet f\u00f6r H\u00e4st och M\u00e4nniska - Kustlandet\",\"isPartOf\":{\"@id\":\"https:\\\/\\\/kustlandet.se\\\/#website\"},\"primaryImageOfPage\":{\"@id\":\"https:\\\/\\\/kustlandet.se\\\/projekt\\\/tillganglighet-och-trygghet-for-hast-och-manniska\\\/#primaryimage\"},\"image\":{\"@id\":\"https:\\\/\\\/kustlandet.se\\\/projekt\\\/tillganglighet-och-trygghet-for-hast-och-manniska\\\/#primaryimage\"},\"thumbnailUrl\":\"https:\\\/\\\/kustlandet.se\\\/wp-content\\\/uploads\\\/sites\\\/20\\\/2023\\\/01\\\/Projektide-1.png\",\"datePublished\":\"2026-08-31T17:04:12+00:00\",\"dateModified\":\"2026-08-31T17:04:17+00:00\",\"description\":\"Islandsh\u00e4stf\u00f6reningen Strokkur utvecklar verksamheten f\u00f6r en s\u00e4krare anl\u00e4ggning och m\u00f6jlighet till st\u00f6rre h\u00e4stsportevenemang.\",\"breadcrumb\":{\"@id\":\"https:\\\/\\\/kustlandet.se\\\/projekt\\\/tillganglighet-och-trygghet-for-hast-och-manniska\\\/#breadcrumb\"},\"inLanguage\":\"en-US\",\"potentialAction\":[{\"@type\":\"ReadAction\",\"target\":[\"https:\\\/\\\/kustlandet.se\\\/projekt\\\/tillganglighet-och-trygghet-for-hast-och-manniska\\\/\"]}]},{\"@type\":\"ImageObject\",\"inLanguage\":\"en-US\",\"@id\":\"https:\\\/\\\/kustlandet.se\\\/projekt\\\/tillganglighet-och-trygghet-for-hast-och-manniska\\\/#primaryimage\",\"url\":\"https:\\\/\\\/kustlandet.se\\\/wp-content\\\/uploads\\\/sites\\\/20\\\/2023\\\/01\\\/Projektide-1.png\",\"contentUrl\":\"https:\\\/\\\/kustlandet.se\\\/wp-content\\\/uploads\\\/sites\\\/20\\\/2023\\\/01\\\/Projektide-1.png\",\"width\":1500,\"height\":1000},{\"@type\":\"BreadcrumbList\",\"@id\":\"https:\\\/\\\/kustlandet.se\\\/projekt\\\/tillganglighet-och-trygghet-for-hast-och-manniska\\\/#breadcrumb\",\"itemListElement\":[{\"@type\":\"ListItem\",\"position\":1,\"name\":\"Hem\",\"item\":\"https:\\\/\\\/kustlandet.se\\\/\"},{\"@type\":\"ListItem\",\"position\":2,\"name\":\"Tillg\u00e4nglighet och Trygghet f\u00f6r H\u00e4st och M\u00e4nniska\"}]},{\"@type\":\"WebSite\",\"@id\":\"https:\\\/\\\/kustlandet.se\\\/#website\",\"url\":\"https:\\\/\\\/kustlandet.se\\\/\",\"name\":\"Kustlandet\",\"description\":\"\",\"potentialAction\":[{\"@type\":\"SearchAction\",\"target\":{\"@type\":\"EntryPoint\",\"urlTemplate\":\"https:\\\/\\\/kustlandet.se\\\/?s={search_term_string}\"},\"query-input\":{\"@type\":\"PropertyValueSpecification\",\"valueRequired\":true,\"valueName\":\"search_term_string\"}}],\"inLanguage\":\"en-US\"}]}<\/script>\n<!-- \/ Yoast SEO plugin. -->","yoast_head_json":{"title":"Tillg\u00e4nglighet och Trygghet f\u00f6r H\u00e4st och M\u00e4nniska - Kustlandet","description":"Islandsh\u00e4stf\u00f6reningen Strokkur utvecklar verksamheten f\u00f6r en s\u00e4krare anl\u00e4ggning och m\u00f6jlighet till st\u00f6rre h\u00e4stsportevenemang.","robots":{"index":"index","follow":"follow","max-snippet":"max-snippet:-1","max-image-preview":"max-image-preview:large","max-video-preview":"max-video-preview:-1"},"canonical":"https:\/\/kustlandet.se\/en\/projekt\/tillganglighet-och-trygghet-for-hast-och-manniska\/","og_locale":"en_US","og_type":"article","og_title":"Tillg\u00e4nglighet och Trygghet f\u00f6r H\u00e4st och M\u00e4nniska - Kustlandet","og_description":"Islandsh\u00e4stf\u00f6reningen Strokkur utvecklar verksamheten f\u00f6r en s\u00e4krare anl\u00e4ggning och m\u00f6jlighet till st\u00f6rre h\u00e4stsportevenemang.","og_url":"https:\/\/kustlandet.se\/en\/projekt\/tillganglighet-och-trygghet-for-hast-och-manniska\/","og_site_name":"Kustlandet","article_modified_time":"2026-08-31T17:04:17+00:00","og_image":[{"width":1500,"height":1000,"url":"https:\/\/kustlandet.se\/wp-content\/uploads\/sites\/20\/2023\/01\/Projektide-1.png","type":"image\/png"}],"twitter_card":"summary_large_image","twitter_misc":{"Est. reading time":"3 minutes"},"schema":{"@context":"https:\/\/schema.org","@graph":[{"@type":"WebPage","@id":"https:\/\/kustlandet.se\/projekt\/tillganglighet-och-trygghet-for-hast-och-manniska\/","url":"https:\/\/kustlandet.se\/projekt\/tillganglighet-och-trygghet-for-hast-och-manniska\/","name":"Tillg\u00e4nglighet och Trygghet f\u00f6r H\u00e4st och M\u00e4nniska - Kustlandet","isPartOf":{"@id":"https:\/\/kustlandet.se\/#website"},"primaryImageOfPage":{"@id":"https:\/\/kustlandet.se\/projekt\/tillganglighet-och-trygghet-for-hast-och-manniska\/#primaryimage"},"image":{"@id":"https:\/\/kustlandet.se\/projekt\/tillganglighet-och-trygghet-for-hast-och-manniska\/#primaryimage"},"thumbnailUrl":"https:\/\/kustlandet.se\/wp-content\/uploads\/sites\/20\/2023\/01\/Projektide-1.png","datePublished":"2026-08-31T17:04:12+00:00","dateModified":"2026-08-31T17:04:17+00:00","description":"Islandsh\u00e4stf\u00f6reningen Strokkur utvecklar verksamheten f\u00f6r en s\u00e4krare anl\u00e4ggning och m\u00f6jlighet till st\u00f6rre h\u00e4stsportevenemang.","breadcrumb":{"@id":"https:\/\/kustlandet.se\/projekt\/tillganglighet-och-trygghet-for-hast-och-manniska\/#breadcrumb"},"inLanguage":"en-US","potentialAction":[{"@type":"ReadAction","target":["https:\/\/kustlandet.se\/projekt\/tillganglighet-och-trygghet-for-hast-och-manniska\/"]}]},{"@type":"ImageObject","inLanguage":"en-US","@id":"https:\/\/kustlandet.se\/projekt\/tillganglighet-och-trygghet-for-hast-och-manniska\/#primaryimage","url":"https:\/\/kustlandet.se\/wp-content\/uploads\/sites\/20\/2023\/01\/Projektide-1.png","contentUrl":"https:\/\/kustlandet.se\/wp-content\/uploads\/sites\/20\/2023\/01\/Projektide-1.png","width":1500,"height":1000},{"@type":"BreadcrumbList","@id":"https:\/\/kustlandet.se\/projekt\/tillganglighet-och-trygghet-for-hast-och-manniska\/#breadcrumb","itemListElement":[{"@type":"ListItem","position":1,"name":"Hem","item":"https:\/\/kustlandet.se\/"},{"@type":"ListItem","position":2,"name":"Tillg\u00e4nglighet och Trygghet f\u00f6r H\u00e4st och M\u00e4nniska"}]},{"@type":"WebSite","@id":"https:\/\/kustlandet.se\/#website","url":"https:\/\/kustlandet.se\/","name":"The Coastal Land","description":"","potentialAction":[{"@type":"SearchAction","target":{"@type":"EntryPoint","urlTemplate":"https:\/\/kustlandet.se\/?s={search_term_string}"},"query-input":{"@type":"PropertyValueSpecification","valueRequired":true,"valueName":"search_term_string"}}],"inLanguage":"en-US"}]}},"_links":{"self":[{"href":"https:\/\/kustlandet.se\/en\/wp-json\/wp\/v2\/projekt\/4837","targetHints":{"allow":["GET"]}}],"collection":[{"href":"https:\/\/kustlandet.se\/en\/wp-json\/wp\/v2\/projekt"}],"about":[{"href":"https:\/\/kustlandet.se\/en\/wp-json\/wp\/v2\/types\/projekt"}],"version-history":[{"count":7,"href":"https:\/\/kustlandet.se\/en\/wp-json\/wp\/v2\/projekt\/4837\/revisions"}],"predecessor-version":[{"id":4846,"href":"https:\/\/kustlandet.se\/en\/wp-json\/wp\/v2\/projekt\/4837\/revisions\/4846"}],"wp:featuredmedia":[{"embeddable":true,"href":"https:\/\/kustlandet.se\/en\/wp-json\/wp\/v2\/media\/4233"}],"wp:attachment":[{"href":"https:\/\/kustlandet.se\/en\/wp-json\/wp\/v2\/media?parent=4837"}],"wp:term":[{"taxonomy":"projektstatus","embeddable":true,"href":"https:\/\/kustlandet.se\/en\/wp-json\/wp\/v2\/projektstatus?post=4837"},{"taxonomy":"insatsomrade","embeddable":true,"href":"https:\/\/kustlandet.se\/en\/wp-json\/wp\/v2\/insatsomrade?post=4837"},{"taxonomy":"projekttyp","embeddable":true,"href":"https:\/\/kustlandet.se\/en\/wp-json\/wp\/v2\/projekttyp?post=4837"},{"taxonomy":"programperiod","embeddable":true,"href":"https:\/\/kustlandet.se\/en\/wp-json\/wp\/v2\/programperiod?post=4837"},{"taxonomy":"plats-for-genomforande","embeddable":true,"href":"https:\/\/kustlandet.se\/en\/wp-json\/wp\/v2\/plats-for-genomforande?post=4837"},{"taxonomy":"kommun","embeddable":true,"href":"https:\/\/kustlandet.se\/en\/wp-json\/wp\/v2\/kommun?post=4837"},{"taxonomy":"typ_av_projektagare","embeddable":true,"href":"https:\/\/kustlandet.se\/en\/wp-json\/wp\/v2\/typ_av_projektagare?post=4837"}],"curies":[{"name":"wp","href":"https:\/\/api.w.org\/{rel}","templated":true}]}}