{"id":4860,"date":"2026-09-01T18:42:21","date_gmt":"2026-09-01T16:42:21","guid":{"rendered":"https:\/\/kustlandet.se\/?post_type=projekt&#038;p=4860"},"modified":"2026-09-01T19:03:17","modified_gmt":"2026-09-01T17:03:17","slug":"utveckling-av-solstadstrom-folkets-park","status":"publish","type":"projekt","link":"https:\/\/kustlandet.se\/en\/projekt\/utveckling-av-solstadstrom-folkets-park\/","title":{"rendered":"Utveckling av Solstadstr\u00f6m Folkets park"},"content":{"rendered":"<p>[et_pb_section fb_built=&#8221;1&#8243; _builder_version=&#8221;4.18.1&#8243; _module_preset=&#8221;default&#8221; custom_margin=&#8221;0px|0px|0px|0px|false|false&#8221; custom_padding=&#8221;0px|0px|0px|0px|false|false&#8221; locked=&#8221;off&#8221; global_colors_info=&#8221;{}&#8221; theme_builder_area=&#8221;post_content&#8221;][et_pb_row column_structure=&#8221;1_2,1_2&#8243; use_custom_gutter=&#8221;on&#8221; gutter_width=&#8221;1&#8243; make_equal=&#8221;on&#8221; _builder_version=&#8221;4.27.7&#8243; _module_preset=&#8221;default&#8221; width=&#8221;100%&#8221; max_width=&#8221;100%&#8221; custom_margin=&#8221;0px|0px|0px|0px|false|false&#8221; custom_padding=&#8221;0px|0px|0px|0px|false|false&#8221; global_colors_info=&#8221;{}&#8221; theme_builder_area=&#8221;post_content&#8221;][et_pb_column type=&#8221;1_2&#8243; _builder_version=&#8221;4.18.1&#8243; _module_preset=&#8221;default&#8221; background_color=&#8221;#4D5A31&#8243; background_image=&#8221;https:\/\/kustlandet.se\/wp-content\/uploads\/sites\/20\/2022\/12\/leaf.png&#8221; background_size=&#8221;custom&#8221; background_image_width=&#8221;300px&#8221; background_position=&#8221;bottom_left&#8221; background_horizontal_offset=&#8221;-100px&#8221; background_vertical_offset=&#8221;-350px&#8221; custom_padding=&#8221;120px|40px|120px|120px|false|false&#8221; custom_padding_tablet=&#8221;100px|40px|100px|80px|false|false&#8221; custom_padding_phone=&#8221;80px|40px|80px|40px|false|false&#8221; background_last_edited=&#8221;on|desktop&#8221; background_size_tablet=&#8221;custom&#8221; background_image_width_tablet=&#8221;220px&#8221; background_image_width_phone=&#8221;240px&#8221; background_position_tablet=&#8221;top_left&#8221; background_position_phone=&#8221;bottom_left&#8221; background_horizontal_offset_tablet=&#8221;-30px&#8221; background_horizontal_offset_phone=&#8221;-80px&#8221; background_vertical_offset_tablet=&#8221;220px&#8221; background_vertical_offset_phone=&#8221;-260px&#8221; global_colors_info=&#8221;{}&#8221; custom_css_main_element_last_edited=&#8221;off|desktop&#8221; theme_builder_area=&#8221;post_content&#8221;][et_pb_text content_tablet=&#8221;<\/p>\n<h1>Utveckling av <br \/>Solstadstr\u00f6m Folkets Park<\/h1>\n<\/p>\n<p>&#8221; content_phone=&#8221;<\/p>\n<h1>Utveckling av <br \/>Solstadstr\u00f6m Folkets Park <\/h1>\n<p>&#8221; content_last_edited=&#8221;on|phone&#8221; _builder_version=&#8221;4.27.7&#8243; _module_preset=&#8221;default&#8221; header_font=&#8221;Oswald|500||on|||||&#8221; header_text_color=&#8221;#DDE5DA&#8221; header_font_size=&#8221;56px&#8221; max_width_tablet=&#8221;&#8221; max_width_phone=&#8221;&#8221; max_width_last_edited=&#8221;on|desktop&#8221; min_height=&#8221;56.2px&#8221; custom_margin=&#8221;||-19px||false|false&#8221; custom_padding=&#8221;||0px|||&#8221; header_font_size_tablet=&#8221;52px&#8221; header_font_size_phone=&#8221;35px&#8221; global_colors_info=&#8221;{}&#8221; theme_builder_area=&#8221;post_content&#8221;]<\/p>\n<h1>Utveckling av <br \/>Solstadstr\u00f6m Folkets Park<\/h1>\n<p>&nbsp;<\/p>\n<p>[\/et_pb_text][\/et_pb_column][et_pb_column type=&#8221;1_2&#8243; _builder_version=&#8221;4.27.7&#8243; _module_preset=&#8221;default&#8221; background_color=&#8221;#A8C082&#8243; background_image=&#8221;https:\/\/kustlandet.se\/wp-content\/uploads\/sites\/20\/2026\/09\/Ingang-Solstadsttrom-folkets-park.jpg&#8221; custom_padding=&#8221;0px|0px|0px|0px|false|false&#8221; custom_padding_last_edited=&#8221;off|desktop&#8221; global_colors_info=&#8221;{}&#8221; theme_builder_area=&#8221;post_content&#8221;][\/et_pb_column][\/et_pb_row][\/et_pb_section][et_pb_section fb_built=&#8221;1&#8243; custom_padding_last_edited=&#8221;on|tablet&#8221; _builder_version=&#8221;4.19.4&#8243; _module_preset=&#8221;default&#8221; custom_margin=&#8221;-66px|||||&#8221; custom_padding=&#8221;||0px||false|false&#8221; custom_padding_tablet=&#8221;0px||0px||false|false&#8221; custom_padding_phone=&#8221;0px||0px||false|false&#8221; global_colors_info=&#8221;{}&#8221; theme_builder_area=&#8221;post_content&#8221;][et_pb_row column_structure=&#8221;2_5,3_5&#8243; _builder_version=&#8221;4.19.4&#8243; _module_preset=&#8221;default&#8221; global_colors_info=&#8221;{}&#8221; theme_builder_area=&#8221;post_content&#8221;][et_pb_column type=&#8221;2_5&#8243; _builder_version=&#8221;4.19.4&#8243; _module_preset=&#8221;default&#8221; global_colors_info=&#8221;{}&#8221; theme_builder_area=&#8221;post_content&#8221;][et_pb_text _builder_version=&#8221;4.19.4&#8243; _module_preset=&#8221;default&#8221; custom_margin=&#8221;9px||-6px||false|false&#8221; custom_padding=&#8221;||8px||false|false&#8221; global_colors_info=&#8221;{}&#8221; theme_builder_area=&#8221;post_content&#8221;]<\/p>\n<h2>Om projektet<\/h2>\n<p>[\/et_pb_text][\/et_pb_column][et_pb_column type=&#8221;3_5&#8243; _builder_version=&#8221;4.19.4&#8243; _module_preset=&#8221;default&#8221; custom_padding_tablet=&#8221;0px|30px|0px|30px|false|false&#8221; global_colors_info=&#8221;{}&#8221; theme_builder_area=&#8221;post_content&#8221;][et_pb_text _builder_version=&#8221;4.27.7&#8243; _module_preset=&#8221;default&#8221; width=&#8221;103.09005297233666%&#8221; custom_margin=&#8221;|-21px|10px||false|false&#8221; custom_padding=&#8221;|2px|0px|0px||&#8221; hover_enabled=&#8221;0&#8243; global_colors_info=&#8221;{}&#8221; theme_builder_area=&#8221;post_content&#8221; sticky_enabled=&#8221;0&#8243;]<\/p>\n<p>Solstadstr\u00f6m ligger p\u00e5 b\u00e5da sidor om kommungr\u00e4nsen mellan Oskarshamns och V\u00e4sterviks kommuner. I n\u00e4romr\u00e5det finns ocks\u00e5 Blankaholm och M\u00f6rtfors. De tre orterna har historiskt varit n\u00e4ra sammankopplade och delar b\u00e5de natur- och kulturmilj\u00f6er. Folkets park har under l\u00e5ng tid varit en viktig m\u00f6tesplats f\u00f6r bygden och \u00e4r en v\u00e4rdefull del av omr\u00e5dets kulturhistoria.<span style=\"font-size: 16px;\">\u00a0Nu vill f\u00f6reningen skapa f\u00f6ruts\u00e4ttningar f\u00f6r att platsen \u00e5terigen ska fyllas med verksamhet och utvecklas tillsammans med m\u00e4nniskorna som bor och verkar i bygden. Folkets park i Solstadstr\u00f6m ska utvecklas till en levande m\u00f6tesplats f\u00f6r boende och bes\u00f6kare i bygden.<br \/><\/span><\/p>\n<p><span style=\"font-size: 16px;\">Genom att inom projektet bygga om och utveckla parkens milj\u00f6er ska de skapa b\u00e4ttre f\u00f6ruts\u00e4ttningar f\u00f6r evenemang, f\u00f6reningsaktiviteter och spontana m\u00f6ten under en st\u00f6rre del av \u00e5ret. <\/span><span>En ny flytbrygga ska m\u00f6jlig\u00f6ra b\u00e5tturer med Aron samt aktiviteter med kajak och kanot.<\/span><\/p>\n<p>Projektet knyter samman Solstadstr\u00f6m med de n\u00e4rliggande orterna Blankaholm och M\u00f6rtfors och bygger vidare p\u00e5 den historiska och geografiska gemenskap som finns mellan platserna. F\u00f6reningen ska \u00e4ven genomf\u00f6ra informations- och marknadsf\u00f6ringsinsatser f\u00f6r att synligg\u00f6ra omr\u00e5det och locka fler bes\u00f6kare och potentiella inflyttare.<\/p>\n<p>M\u00e5let \u00e4r att Folkets park ska fyllas med verksamhet och bli en levande m\u00f6tesplats d\u00e4r m\u00e4nniskor kan m\u00f6tas och engagera sig. Projektet ska ocks\u00e5 bidra till att st\u00e4rka omr\u00e5dets attraktivitet och synligg\u00f6ra bygden f\u00f6r fler.<\/p>\n<p>[\/et_pb_text][et_pb_text _builder_version=&#8221;4.27.7&#8243; _module_preset=&#8221;default&#8221; text_text_color=&#8221;#000000&#8243; header_3_text_color=&#8221;#0C4160&#8243; width=&#8221;103.09005297233666%&#8221; custom_margin=&#8221;|-21px|10px||false|false&#8221; custom_padding=&#8221;17px|2px||0px||&#8221; global_colors_info=&#8221;{}&#8221; theme_builder_area=&#8221;post_content&#8221;]<\/p>\n<h3>Projektets syfte och m\u00e5l<\/h3>\n<p>Projektets syfte \u00e4r att skapa f\u00f6ruts\u00e4ttningar f\u00f6r utveckling av Folkets park i Solstadstr\u00f6m som en gemensam m\u00f6tesplats f\u00f6r bygden. Projektets \u00f6vergripande m\u00e5l \u00e4r att utveckla Solstadstr\u00f6m Folkets park till en attraktiv och levande m\u00f6tesplats genom att f\u00f6rb\u00e4ttra byggnader och infrastruktur, etablera \u00e5terkommande evenemang, lyfta fram parkens kulturhistoriska v\u00e4rden samt fr\u00e4mja engagemang och samarbete i omr\u00e5det.<\/p>\n<p>Kvantitativa m\u00e5l:<br \/>\u2022 Danspaviljongen har f\u00e5tt ett nytt tak.<br \/>\u2022 Ny belysning och elinstallationer \u00e4r p\u00e5 plats.<br \/>\u2022 En ny flytbrygga<br \/>\u2022 Historisk utst\u00e4llning om Folkets park \u00e4r f\u00e4rdigst\u00e4lld.<br \/>\u2022 Platsen M\u00f6rtfors\u2013Solstadstr\u00f6m\u2013Blankaholm marknadsf\u00f6rs gemensamt med r\u00f6rligt material anpassat f\u00f6r sociala medier.<br \/>\u2022 Nya samarbeten med f\u00f6reningar och f\u00f6retag i M\u00f6rtfors och Blankaholm har etablerats.<br \/>\u2022 Antalet medlemmar i f\u00f6reningen har \u00f6kat.<br \/>\u2022 genomf\u00f6ra minst sju (7) \u00e5terkommande evenemang och aktiviteter i Solstadstr\u00f6m Folkets park<\/p>\n<p>[\/et_pb_text][\/et_pb_column][\/et_pb_row][\/et_pb_section][et_pb_section fb_built=&#8221;1&#8243; custom_padding_last_edited=&#8221;on|tablet&#8221; disabled_on=&#8221;on|on|on&#8221; _builder_version=&#8221;4.19.4&#8243; _module_preset=&#8221;default&#8221; custom_padding=&#8221;||0px||false|false&#8221; custom_padding_tablet=&#8221;0px||0px||false|false&#8221; custom_padding_phone=&#8221;0px||0px||false|false&#8221; disabled=&#8221;on&#8221; global_colors_info=&#8221;{}&#8221; theme_builder_area=&#8221;post_content&#8221;][et_pb_row column_structure=&#8221;1_2,1_2&#8243; _builder_version=&#8221;4.19.4&#8243; _module_preset=&#8221;f5fa9002-e1ac-46a1-bbe6-abcf9e7f7c4e&#8221; background_color=&#8221;#0C4160&#8243; custom_css_main_element=&#8221;display: flex;&#8221; locked=&#8221;off&#8221; global_colors_info=&#8221;{}&#8221; custom_css_main_element_tablet=&#8221;display: block&#8221; theme_builder_area=&#8221;post_content&#8221;][et_pb_column type=&#8221;1_2&#8243; _builder_version=&#8221;4.18.1&#8243; _module_preset=&#8221;46324cd7-25ce-45c8-b351-a4d0778ffc36&#8243; custom_padding=&#8221;0px|0px|0px|0px|false|false&#8221; custom_padding_tablet=&#8221;0px|0px|0px|0px|false|false&#8221; custom_padding_phone=&#8221;0px|0px|30px|0px|false|false&#8221; custom_padding_last_edited=&#8221;on|phone&#8221; global_colors_info=&#8221;{}&#8221; theme_builder_area=&#8221;post_content&#8221;][et_pb_gallery gallery_ids=&#8221;568,570,572&#8243; fullwidth=&#8221;on&#8221; _builder_version=&#8221;4.19.4&#8243; _module_preset=&#8221;default&#8221; title_text_color=&#8221;#FFFFFF&#8221; pagination_text_color=&#8221;#FFFFFF&#8221; global_colors_info=&#8221;{}&#8221; theme_builder_area=&#8221;post_content&#8221;][\/et_pb_gallery][\/et_pb_column][et_pb_column type=&#8221;1_2&#8243; _builder_version=&#8221;4.19.4&#8243; _module_preset=&#8221;46324cd7-25ce-45c8-b351-a4d0778ffc36&#8243; custom_padding=&#8221;40px|40px||40px|false|false&#8221; custom_padding_tablet=&#8221;30px|30px||30px|false|false&#8221; custom_padding_phone=&#8221;0px|0px||0px|false|false&#8221; custom_padding_last_edited=&#8221;on|phone&#8221; custom_css_main_element=&#8221;display: flex;||flex-direction: column;||justify-content: center;&#8221; global_colors_info=&#8221;{}&#8221; custom_css_main_element_tablet=&#8221;display: block;&#8221; custom_css_main_element_phone=&#8221;display: block;&#8221; theme_builder_area=&#8221;post_content&#8221;][et_pb_text _builder_version=&#8221;4.19.5&#8243; _module_preset=&#8221;85ddcd9a-bba9-4dcd-9673-e023bb3f643a&#8221; text_font=&#8221;Oswald|500||on|||||&#8221; text_font_size_tablet=&#8221;14px&#8221; text_font_size_phone=&#8221;12px&#8221; text_font_size_last_edited=&#8221;on|phone&#8221; global_colors_info=&#8221;{}&#8221; theme_builder_area=&#8221;post_content&#8221;]Citat fr\u00e5n projektans\u00f6kan[\/et_pb_text][et_pb_text _builder_version=&#8221;4.19.4&#8243; _module_preset=&#8221;85ddcd9a-bba9-4dcd-9673-e023bb3f643a&#8221; global_colors_info=&#8221;{}&#8221; theme_builder_area=&#8221;post_content&#8221;]<\/p>\n<h2>\u201dLeader hj\u00e4lpte oss att f\u00f6rverkliga v\u00e5r klimatomst\u00e4llning\u201d<\/h2>\n<p>[\/et_pb_text][\/et_pb_column][\/et_pb_row][\/et_pb_section][et_pb_section fb_built=&#8221;1&#8243; custom_padding_last_edited=&#8221;on|tablet&#8221; disabled_on=&#8221;on|on|on&#8221; _builder_version=&#8221;4.19.4&#8243; _module_preset=&#8221;default&#8221; custom_padding=&#8221;||||false|false&#8221; custom_padding_tablet=&#8221;0px||||false|false&#8221; custom_padding_phone=&#8221;0px||||false|false&#8221; disabled=&#8221;on&#8221; global_colors_info=&#8221;{}&#8221; theme_builder_area=&#8221;post_content&#8221;][et_pb_row column_structure=&#8221;1_2,1_2&#8243; custom_padding_last_edited=&#8221;on|tablet&#8221; _builder_version=&#8221;4.19.4&#8243; _module_preset=&#8221;default&#8221; custom_padding_tablet=&#8221;0px||||false|false&#8221; custom_padding_phone=&#8221;0px||||false|false&#8221; global_colors_info=&#8221;{}&#8221; theme_builder_area=&#8221;post_content&#8221;][et_pb_column type=&#8221;1_2&#8243; _builder_version=&#8221;4.19.4&#8243; _module_preset=&#8221;default&#8221; global_colors_info=&#8221;{}&#8221; theme_builder_area=&#8221;post_content&#8221;][et_pb_text _builder_version=&#8221;4.19.4&#8243; _module_preset=&#8221;default&#8221; global_colors_info=&#8221;{}&#8221; theme_builder_area=&#8221;post_content&#8221;]<\/p>\n<h2>H\u00e4r \u00e4r en underrubrik<\/h2>\n<p>[\/et_pb_text][et_pb_text _builder_version=&#8221;4.19.4&#8243; _module_preset=&#8221;default&#8221; global_colors_info=&#8221;{}&#8221; theme_builder_area=&#8221;post_content&#8221;]Lorem ipsum dolor sit amet, consectetur adipiscing elit, sed do eiusmod tempor incididunt ut labore et dolore magna aliqua. Ut enim ad minim veniam, quis nostrud exercitation ullamco laboris nisi ut aliquip ex ea commodo consequat. Duis aute irure dolor in reprehenderit in voluptate velit esse cillum dolore eu fugiat nulla pariatur.<\/p>\n<p>Excepteur sint occaecat cupidatat non proident, sunt in culpa qui officia deserunt mollit anim id est laborum. Lorem ipsum dolor sit amet, consectetur adipiscing elit, sed do eiusmod tempor incididunt ut labore et dolore magna aliqua. Ut enim ad minim veniam, quis nostrud exercitation ullamco laboris nisi ut aliquip ex ea commodo consequat.[\/et_pb_text][\/et_pb_column][et_pb_column type=&#8221;1_2&#8243; _builder_version=&#8221;4.19.4&#8243; _module_preset=&#8221;default&#8221; global_colors_info=&#8221;{}&#8221; theme_builder_area=&#8221;post_content&#8221;][et_pb_video src=&#8221;https:\/\/youtu.be\/u31qwQUeGuM&#8221; _builder_version=&#8221;4.19.4&#8243; _module_preset=&#8221;default&#8221; global_colors_info=&#8221;{}&#8221; theme_builder_area=&#8221;post_content&#8221;][\/et_pb_video][\/et_pb_column][\/et_pb_row][\/et_pb_section][et_pb_section fb_built=&#8221;1&#8243; custom_padding_last_edited=&#8221;on|tablet&#8221; _builder_version=&#8221;4.19.4&#8243; _module_preset=&#8221;default&#8221; background_color=&#8221;#DDE5DA&#8221; custom_padding=&#8221;0px||0px||false|false&#8221; custom_padding_tablet=&#8221;0px||0px||false|false&#8221; custom_padding_phone=&#8221;0px||0px||false|false&#8221; global_colors_info=&#8221;{}&#8221; theme_builder_area=&#8221;post_content&#8221;][et_pb_row column_structure=&#8221;1_3,1_3,1_3&#8243; _builder_version=&#8221;4.19.4&#8243; _module_preset=&#8221;default&#8221; custom_padding=&#8221;||78px|||&#8221; global_colors_info=&#8221;{}&#8221; theme_builder_area=&#8221;post_content&#8221;][et_pb_column type=&#8221;1_3&#8243; _builder_version=&#8221;4.19.4&#8243; _module_preset=&#8221;default&#8221; global_colors_info=&#8221;{}&#8221; theme_builder_area=&#8221;post_content&#8221;][et_pb_text _builder_version=&#8221;4.24.2&#8243; _module_preset=&#8221;c04db86c-e499-4427-86fb-2307eaad8705&#8243; text_font=&#8221;Oswald|500||on|||||&#8221; text_text_color=&#8221;#4D5A31&#8243; text_font_size=&#8221;20px&#8221; text_font_size_tablet=&#8221;14px&#8221; text_font_size_phone=&#8221;16px&#8221; text_font_size_last_edited=&#8221;on|phone&#8221; locked=&#8221;off&#8221; global_colors_info=&#8221;{}&#8221; theme_builder_area=&#8221;post_content&#8221;]<\/p>\n<p>Om projektet<\/p>\n<p>[\/et_pb_text][et_pb_text _builder_version=&#8221;4.27.7&#8243; _module_preset=&#8221;default&#8221; custom_margin=&#8221;20px||20px||false|false&#8221; global_colors_info=&#8221;{}&#8221; theme_builder_area=&#8221;post_content&#8221;]<\/p>\n<p><strong>Projektperiod<br \/><\/strong>26.04.21-27.12.31<\/p>\n<p>[\/et_pb_text][et_pb_text _builder_version=&#8221;4.27.6&#8243; _module_preset=&#8221;default&#8221; custom_margin=&#8221;20px||20px||false|false&#8221; global_colors_info=&#8221;{}&#8221; theme_builder_area=&#8221;post_content&#8221;]<\/p>\n<p><strong>Projekttyp<br \/><\/strong>Projektst\u00f6d\u00a0<\/p>\n<p>[\/et_pb_text][et_pb_text _builder_version=&#8221;4.27.7&#8243; _module_preset=&#8221;default&#8221; custom_margin=&#8221;20px||20px||false|false&#8221; global_colors_info=&#8221;{}&#8221; theme_builder_area=&#8221;post_content&#8221;]<\/p>\n<p><strong>Insatsomr\u00e5de<br \/><\/strong>Kultur, idrott, fritid och service<\/p>\n<p>[\/et_pb_text][et_pb_text _builder_version=&#8221;4.27.7&#8243; _module_preset=&#8221;default&#8221; custom_margin=&#8221;20px||20px||false|false&#8221; global_colors_info=&#8221;{}&#8221; theme_builder_area=&#8221;post_content&#8221;]<\/p>\n<p><strong>Projekt\u00e4gare<br \/><\/strong>F\u00f6reningen Folkets Hus i Blankaholm <\/p>\n<p>[\/et_pb_text][et_pb_text _builder_version=&#8221;4.27.7&#8243; _module_preset=&#8221;default&#8221; custom_margin=&#8221;20px||20px||false|false&#8221; global_colors_info=&#8221;{}&#8221; theme_builder_area=&#8221;post_content&#8221;]<\/p>\n<p><strong>Kontaktperson<br \/><\/strong>Tomas Palmgren<\/p>\n<p>[\/et_pb_text][et_pb_text _builder_version=&#8221;4.27.7&#8243; _module_preset=&#8221;default&#8221; custom_margin=&#8221;20px||20px||false|false&#8221; global_colors_info=&#8221;{}&#8221; theme_builder_area=&#8221;post_content&#8221;]<\/p>\n<p><strong>Webb och sociala medier<br \/><\/strong><\/p>\n<p>[\/et_pb_text][\/et_pb_column][et_pb_column type=&#8221;1_3&#8243; _builder_version=&#8221;4.19.4&#8243; _module_preset=&#8221;default&#8221; global_colors_info=&#8221;{}&#8221; theme_builder_area=&#8221;post_content&#8221;][\/et_pb_column][et_pb_column type=&#8221;1_3&#8243; _builder_version=&#8221;4.19.4&#8243; _module_preset=&#8221;default&#8221; global_colors_info=&#8221;{}&#8221; theme_builder_area=&#8221;post_content&#8221;][et_pb_text _builder_version=&#8221;4.24.2&#8243; _module_preset=&#8221;c04db86c-e499-4427-86fb-2307eaad8705&#8243; text_font=&#8221;Oswald|500||on|||||&#8221; text_text_color=&#8221;#4D5A31&#8243; text_font_size=&#8221;20px&#8221; header_5_font_size=&#8221;26px&#8221; text_font_size_tablet=&#8221;14px&#8221; text_font_size_phone=&#8221;16px&#8221; text_font_size_last_edited=&#8221;on|phone&#8221; header_5_font_size_tablet=&#8221;26px&#8221; header_5_font_size_phone=&#8221;26px&#8221; header_5_font_size_last_edited=&#8221;on|phone&#8221; locked=&#8221;off&#8221; global_colors_info=&#8221;{}&#8221; theme_builder_area=&#8221;post_content&#8221;]<\/p>\n<p>Om finansiering<\/p>\n<p>[\/et_pb_text][et_pb_text _builder_version=&#8221;4.27.7&#8243; _module_preset=&#8221;default&#8221; custom_margin=&#8221;20px||20px||false|false&#8221; global_colors_info=&#8221;{}&#8221; theme_builder_area=&#8221;post_content&#8221;]<\/p>\n<p><strong>Beviljat leaderst\u00f6d<br \/><\/strong>335 273 kr<\/p>\n<p>[\/et_pb_text][et_pb_text _builder_version=&#8221;4.27.7&#8243; _module_preset=&#8221;default&#8221; custom_margin=&#8221;20px||20px||false|false&#8221; global_colors_info=&#8221;{}&#8221; theme_builder_area=&#8221;post_content&#8221;]<\/p>\n<p><strong>\u00d6vrig offentlig finansiering<br \/><\/strong>V\u00e4sterviks kommun: 50 000 kr<br \/>Oskarshamns kommun: 50 000 kr\u00a0<\/p>\n<p>[\/et_pb_text][et_pb_text _builder_version=&#8221;4.27.7&#8243; _module_preset=&#8221;default&#8221; custom_margin=&#8221;20px||20px||false|false&#8221; global_colors_info=&#8221;{}&#8221; theme_builder_area=&#8221;post_content&#8221;]<\/p>\n<p><strong>Privat finansiering.<br \/><\/strong>Sparbankstiftelsen Spira: 157 400 kr<\/p>\n<p>[\/et_pb_text][et_pb_text _builder_version=&#8221;4.27.6&#8243; _module_preset=&#8221;default&#8221; custom_margin=&#8221;20px||20px||false|false&#8221; global_colors_info=&#8221;{}&#8221; theme_builder_area=&#8221;post_content&#8221;]<\/p>\n<p><strong>Ideellt arbete:\u00a0<\/strong><b><br \/><\/b>700 h ideellt arbete<\/p>\n<p>[\/et_pb_text][et_pb_text _builder_version=&#8221;4.27.7&#8243; _module_preset=&#8221;default&#8221; custom_margin=&#8221;20px||20px||false|false&#8221; global_colors_info=&#8221;{}&#8221; theme_builder_area=&#8221;post_content&#8221;]<\/p>\n<p><strong>Total finansiering<\/strong><b><br \/><\/b>592 673 kr<\/p>\n<p>[\/et_pb_text][et_pb_text _builder_version=&#8221;4.27.6&#8243; _module_preset=&#8221;default&#8221; custom_margin=&#8221;20px||20px||false|false&#8221; global_colors_info=&#8221;{}&#8221; theme_builder_area=&#8221;post_content&#8221;]<\/p>\n<p>Leaderst\u00f6det best\u00e5r av finansiering fr\u00e5n EU och staten och Kustlandets ing\u00e5ende kommuner.\u00a0<\/p>\n<p>[\/et_pb_text][et_pb_text _builder_version=&#8221;4.19.4&#8243; _module_preset=&#8221;default&#8221; custom_margin=&#8221;20px||20px||false|false&#8221; global_colors_info=&#8221;{}&#8221; theme_builder_area=&#8221;post_content&#8221;]<b>Ing\u00e5ende EU-medel har beviljats ur:<br \/>\n<\/b>Landsbygdsfonden[\/et_pb_text][et_pb_button button_url=&#8221;@ET-DC@eyJkeW5hbWljIjp0cnVlLCJjb250ZW50IjoicG9zdF9saW5rX3VybF9wYWdlIiwic2V0dGluZ3MiOnsicG9zdF9pZCI6IjYwMyIsImVuYWJsZV9odG1sIjoib2ZmIn19@&#8221; button_text=&#8221;Tillbaka till alla projekt&#8221; _builder_version=&#8221;4.25.2&#8243; _dynamic_attributes=&#8221;button_url&#8221; _module_preset=&#8221;default&#8221; global_colors_info=&#8221;{}&#8221; theme_builder_area=&#8221;post_content&#8221;][\/et_pb_button][\/et_pb_column][\/et_pb_row][\/et_pb_section][et_pb_section fb_built=&#8221;1&#8243; fullwidth=&#8221;on&#8221; _builder_version=&#8221;4.19.5&#8243; _module_preset=&#8221;default&#8221; background_color=&#8221;#A8C082&#8243; min_height=&#8221;106px&#8221; custom_margin=&#8221;-43px||-123px|||&#8221; custom_padding=&#8221;||40px|||&#8221; global_colors_info=&#8221;{}&#8221; theme_builder_area=&#8221;post_content&#8221;][\/et_pb_section]<\/p>\n","protected":false},"excerpt":{"rendered":"<p>Folkets park i Solstadstr\u00f6m \u00e4r en viktig del av bygdens kulturhistoria. Genom projektet ska parken utvecklas f\u00f6r att skapa f\u00f6ruts\u00e4ttningar f\u00f6r nya aktiviteter och evenemang. Satsningen ska ocks\u00e5 st\u00e4rka banden mellan Solstadstr\u00f6m, Blankaholm och M\u00f6rtfors och bidra till att synligg\u00f6ra omr\u00e5det. <\/p>","protected":false},"featured_media":4861,"template":"","meta":{"_acf_changed":false,"_et_pb_use_builder":"on","_et_pb_old_content":"","_et_gb_content_width":"","_links_to":"","_links_to_target":""},"projektstatus":[13],"insatsomrade":[28],"projekttyp":[26],"programperiod":[22],"plats-for-genomforande":[],"kommun":[35],"typ_av_projektagare":[27],"class_list":["post-4860","projekt","type-projekt","status-publish","has-post-thumbnail","hentry","projektstatus-aktuellt","insatsomrade-kultur-idrott-fritid-och-service","projekttyp-projektstod","programperiod-2023-2027","kommun-oskarshamns-kommun","typ_av_projektagare-forening"],"acf":[],"yoast_head":"<!-- This site is optimized with the Yoast SEO plugin v28.2 - https:\/\/yoast.com\/product\/yoast-seo-wordpress\/ -->\n<title>Utveckling av Solstadstr\u00f6m Folkets park - Kustlandet<\/title>\n<meta name=\"description\" content=\"Utveckling av Folkets park i Solstadstr\u00f6m till en levande m\u00f6tesplats med mer verksamhet, aktiviteter och evenemang f\u00f6r boende och bes\u00f6kare\" \/>\n<meta name=\"robots\" content=\"index, follow, max-snippet:-1, max-image-preview:large, max-video-preview:-1\" \/>\n<link rel=\"canonical\" href=\"https:\/\/kustlandet.se\/en\/projekt\/utveckling-av-solstadstrom-folkets-park\/\" \/>\n<meta property=\"og:locale\" content=\"en_US\" \/>\n<meta property=\"og:type\" content=\"article\" \/>\n<meta property=\"og:title\" content=\"Utveckling av Solstadstr\u00f6m Folkets park - Kustlandet\" \/>\n<meta property=\"og:description\" content=\"Utveckling av Folkets park i Solstadstr\u00f6m till en levande m\u00f6tesplats med mer verksamhet, aktiviteter och evenemang f\u00f6r boende och bes\u00f6kare\" \/>\n<meta property=\"og:url\" content=\"https:\/\/kustlandet.se\/en\/projekt\/utveckling-av-solstadstrom-folkets-park\/\" \/>\n<meta property=\"og:site_name\" content=\"Kustlandet\" \/>\n<meta property=\"article:modified_time\" content=\"2026-09-01T17:03:17+00:00\" \/>\n<meta property=\"og:image\" content=\"https:\/\/kustlandet.se\/wp-content\/uploads\/sites\/20\/2026\/09\/Ingang-Solstadsttrom-folkets-park.jpg\" \/>\n\t<meta property=\"og:image:width\" content=\"1536\" \/>\n\t<meta property=\"og:image:height\" content=\"1024\" \/>\n\t<meta property=\"og:image:type\" content=\"image\/jpeg\" \/>\n<meta name=\"twitter:card\" content=\"summary_large_image\" \/>\n<meta name=\"twitter:label1\" content=\"Est. reading time\" \/>\n\t<meta name=\"twitter:data1\" content=\"3 minutes\" \/>\n<script type=\"application\/ld+json\" class=\"yoast-schema-graph\">{\"@context\":\"https:\\\/\\\/schema.org\",\"@graph\":[{\"@type\":\"WebPage\",\"@id\":\"https:\\\/\\\/kustlandet.se\\\/projekt\\\/utveckling-av-solstadstrom-folkets-park\\\/\",\"url\":\"https:\\\/\\\/kustlandet.se\\\/projekt\\\/utveckling-av-solstadstrom-folkets-park\\\/\",\"name\":\"Utveckling av Solstadstr\u00f6m Folkets park - Kustlandet\",\"isPartOf\":{\"@id\":\"https:\\\/\\\/kustlandet.se\\\/#website\"},\"primaryImageOfPage\":{\"@id\":\"https:\\\/\\\/kustlandet.se\\\/projekt\\\/utveckling-av-solstadstrom-folkets-park\\\/#primaryimage\"},\"image\":{\"@id\":\"https:\\\/\\\/kustlandet.se\\\/projekt\\\/utveckling-av-solstadstrom-folkets-park\\\/#primaryimage\"},\"thumbnailUrl\":\"https:\\\/\\\/kustlandet.se\\\/wp-content\\\/uploads\\\/sites\\\/20\\\/2026\\\/09\\\/Ingang-Solstadsttrom-folkets-park.jpg\",\"datePublished\":\"2026-09-01T16:42:21+00:00\",\"dateModified\":\"2026-09-01T17:03:17+00:00\",\"description\":\"Utveckling av Folkets park i Solstadstr\u00f6m till en levande m\u00f6tesplats med mer verksamhet, aktiviteter och evenemang f\u00f6r boende och bes\u00f6kare\",\"breadcrumb\":{\"@id\":\"https:\\\/\\\/kustlandet.se\\\/projekt\\\/utveckling-av-solstadstrom-folkets-park\\\/#breadcrumb\"},\"inLanguage\":\"en-US\",\"potentialAction\":[{\"@type\":\"ReadAction\",\"target\":[\"https:\\\/\\\/kustlandet.se\\\/projekt\\\/utveckling-av-solstadstrom-folkets-park\\\/\"]}]},{\"@type\":\"ImageObject\",\"inLanguage\":\"en-US\",\"@id\":\"https:\\\/\\\/kustlandet.se\\\/projekt\\\/utveckling-av-solstadstrom-folkets-park\\\/#primaryimage\",\"url\":\"https:\\\/\\\/kustlandet.se\\\/wp-content\\\/uploads\\\/sites\\\/20\\\/2026\\\/09\\\/Ingang-Solstadsttrom-folkets-park.jpg\",\"contentUrl\":\"https:\\\/\\\/kustlandet.se\\\/wp-content\\\/uploads\\\/sites\\\/20\\\/2026\\\/09\\\/Ingang-Solstadsttrom-folkets-park.jpg\",\"width\":1536,\"height\":1024,\"caption\":\"Ing\u00e5ngen till Solstadstr\u00f6m Folkets park\"},{\"@type\":\"BreadcrumbList\",\"@id\":\"https:\\\/\\\/kustlandet.se\\\/projekt\\\/utveckling-av-solstadstrom-folkets-park\\\/#breadcrumb\",\"itemListElement\":[{\"@type\":\"ListItem\",\"position\":1,\"name\":\"Hem\",\"item\":\"https:\\\/\\\/kustlandet.se\\\/\"},{\"@type\":\"ListItem\",\"position\":2,\"name\":\"Utveckling av Solstadstr\u00f6m Folkets park\"}]},{\"@type\":\"WebSite\",\"@id\":\"https:\\\/\\\/kustlandet.se\\\/#website\",\"url\":\"https:\\\/\\\/kustlandet.se\\\/\",\"name\":\"Kustlandet\",\"description\":\"\",\"potentialAction\":[{\"@type\":\"SearchAction\",\"target\":{\"@type\":\"EntryPoint\",\"urlTemplate\":\"https:\\\/\\\/kustlandet.se\\\/?s={search_term_string}\"},\"query-input\":{\"@type\":\"PropertyValueSpecification\",\"valueRequired\":true,\"valueName\":\"search_term_string\"}}],\"inLanguage\":\"en-US\"}]}<\/script>\n<!-- \/ Yoast SEO plugin. -->","yoast_head_json":{"title":"Utveckling av Solstadstr\u00f6m Folkets park - Kustlandet","description":"Utveckling av Folkets park i Solstadstr\u00f6m till en levande m\u00f6tesplats med mer verksamhet, aktiviteter och evenemang f\u00f6r boende och bes\u00f6kare","robots":{"index":"index","follow":"follow","max-snippet":"max-snippet:-1","max-image-preview":"max-image-preview:large","max-video-preview":"max-video-preview:-1"},"canonical":"https:\/\/kustlandet.se\/en\/projekt\/utveckling-av-solstadstrom-folkets-park\/","og_locale":"en_US","og_type":"article","og_title":"Utveckling av Solstadstr\u00f6m Folkets park - Kustlandet","og_description":"Utveckling av Folkets park i Solstadstr\u00f6m till en levande m\u00f6tesplats med mer verksamhet, aktiviteter och evenemang f\u00f6r boende och bes\u00f6kare","og_url":"https:\/\/kustlandet.se\/en\/projekt\/utveckling-av-solstadstrom-folkets-park\/","og_site_name":"Kustlandet","article_modified_time":"2026-09-01T17:03:17+00:00","og_image":[{"width":1536,"height":1024,"url":"https:\/\/kustlandet.se\/wp-content\/uploads\/sites\/20\/2026\/09\/Ingang-Solstadsttrom-folkets-park.jpg","type":"image\/jpeg"}],"twitter_card":"summary_large_image","twitter_misc":{"Est. reading time":"3 minutes"},"schema":{"@context":"https:\/\/schema.org","@graph":[{"@type":"WebPage","@id":"https:\/\/kustlandet.se\/projekt\/utveckling-av-solstadstrom-folkets-park\/","url":"https:\/\/kustlandet.se\/projekt\/utveckling-av-solstadstrom-folkets-park\/","name":"Utveckling av Solstadstr\u00f6m Folkets park - Kustlandet","isPartOf":{"@id":"https:\/\/kustlandet.se\/#website"},"primaryImageOfPage":{"@id":"https:\/\/kustlandet.se\/projekt\/utveckling-av-solstadstrom-folkets-park\/#primaryimage"},"image":{"@id":"https:\/\/kustlandet.se\/projekt\/utveckling-av-solstadstrom-folkets-park\/#primaryimage"},"thumbnailUrl":"https:\/\/kustlandet.se\/wp-content\/uploads\/sites\/20\/2026\/09\/Ingang-Solstadsttrom-folkets-park.jpg","datePublished":"2026-09-01T16:42:21+00:00","dateModified":"2026-09-01T17:03:17+00:00","description":"Utveckling av Folkets park i Solstadstr\u00f6m till en levande m\u00f6tesplats med mer verksamhet, aktiviteter och evenemang f\u00f6r boende och bes\u00f6kare","breadcrumb":{"@id":"https:\/\/kustlandet.se\/projekt\/utveckling-av-solstadstrom-folkets-park\/#breadcrumb"},"inLanguage":"en-US","potentialAction":[{"@type":"ReadAction","target":["https:\/\/kustlandet.se\/projekt\/utveckling-av-solstadstrom-folkets-park\/"]}]},{"@type":"ImageObject","inLanguage":"en-US","@id":"https:\/\/kustlandet.se\/projekt\/utveckling-av-solstadstrom-folkets-park\/#primaryimage","url":"https:\/\/kustlandet.se\/wp-content\/uploads\/sites\/20\/2026\/09\/Ingang-Solstadsttrom-folkets-park.jpg","contentUrl":"https:\/\/kustlandet.se\/wp-content\/uploads\/sites\/20\/2026\/09\/Ingang-Solstadsttrom-folkets-park.jpg","width":1536,"height":1024,"caption":"Ing\u00e5ngen till Solstadstr\u00f6m Folkets park"},{"@type":"BreadcrumbList","@id":"https:\/\/kustlandet.se\/projekt\/utveckling-av-solstadstrom-folkets-park\/#breadcrumb","itemListElement":[{"@type":"ListItem","position":1,"name":"Hem","item":"https:\/\/kustlandet.se\/"},{"@type":"ListItem","position":2,"name":"Utveckling av Solstadstr\u00f6m Folkets park"}]},{"@type":"WebSite","@id":"https:\/\/kustlandet.se\/#website","url":"https:\/\/kustlandet.se\/","name":"The Coastal Land","description":"","potentialAction":[{"@type":"SearchAction","target":{"@type":"EntryPoint","urlTemplate":"https:\/\/kustlandet.se\/?s={search_term_string}"},"query-input":{"@type":"PropertyValueSpecification","valueRequired":true,"valueName":"search_term_string"}}],"inLanguage":"en-US"}]}},"_links":{"self":[{"href":"https:\/\/kustlandet.se\/en\/wp-json\/wp\/v2\/projekt\/4860","targetHints":{"allow":["GET"]}}],"collection":[{"href":"https:\/\/kustlandet.se\/en\/wp-json\/wp\/v2\/projekt"}],"about":[{"href":"https:\/\/kustlandet.se\/en\/wp-json\/wp\/v2\/types\/projekt"}],"version-history":[{"count":9,"href":"https:\/\/kustlandet.se\/en\/wp-json\/wp\/v2\/projekt\/4860\/revisions"}],"predecessor-version":[{"id":4874,"href":"https:\/\/kustlandet.se\/en\/wp-json\/wp\/v2\/projekt\/4860\/revisions\/4874"}],"wp:featuredmedia":[{"embeddable":true,"href":"https:\/\/kustlandet.se\/en\/wp-json\/wp\/v2\/media\/4861"}],"wp:attachment":[{"href":"https:\/\/kustlandet.se\/en\/wp-json\/wp\/v2\/media?parent=4860"}],"wp:term":[{"taxonomy":"projektstatus","embeddable":true,"href":"https:\/\/kustlandet.se\/en\/wp-json\/wp\/v2\/projektstatus?post=4860"},{"taxonomy":"insatsomrade","embeddable":true,"href":"https:\/\/kustlandet.se\/en\/wp-json\/wp\/v2\/insatsomrade?post=4860"},{"taxonomy":"projekttyp","embeddable":true,"href":"https:\/\/kustlandet.se\/en\/wp-json\/wp\/v2\/projekttyp?post=4860"},{"taxonomy":"programperiod","embeddable":true,"href":"https:\/\/kustlandet.se\/en\/wp-json\/wp\/v2\/programperiod?post=4860"},{"taxonomy":"plats-for-genomforande","embeddable":true,"href":"https:\/\/kustlandet.se\/en\/wp-json\/wp\/v2\/plats-for-genomforande?post=4860"},{"taxonomy":"kommun","embeddable":true,"href":"https:\/\/kustlandet.se\/en\/wp-json\/wp\/v2\/kommun?post=4860"},{"taxonomy":"typ_av_projektagare","embeddable":true,"href":"https:\/\/kustlandet.se\/en\/wp-json\/wp\/v2\/typ_av_projektagare?post=4860"}],"curies":[{"name":"wp","href":"https:\/\/api.w.org\/{rel}","templated":true}]}}