{"id":4878,"date":"2026-09-02T15:11:19","date_gmt":"2026-09-02T13:11:19","guid":{"rendered":"https:\/\/kustlandet.se\/?post_type=projekt&#038;p=4878"},"modified":"2026-09-02T15:58:11","modified_gmt":"2026-09-02T13:58:11","slug":"kvarsebo-utvecklingsplan","status":"publish","type":"projekt","link":"https:\/\/kustlandet.se\/en\/projekt\/kvarsebo-utvecklingsplan\/","title":{"rendered":"Kvarsebo Utvecklingsplan"},"content":{"rendered":"<p>[et_pb_section fb_built=&#8221;1&#8243; _builder_version=&#8221;4.18.1&#8243; _module_preset=&#8221;default&#8221; custom_margin=&#8221;0px|0px|0px|0px|false|false&#8221; custom_padding=&#8221;0px|0px|0px|0px|false|false&#8221; locked=&#8221;off&#8221; global_colors_info=&#8221;{}&#8221; theme_builder_area=&#8221;post_content&#8221;][et_pb_row column_structure=&#8221;1_2,1_2&#8243; use_custom_gutter=&#8221;on&#8221; gutter_width=&#8221;1&#8243; make_equal=&#8221;on&#8221; _builder_version=&#8221;4.27.7&#8243; _module_preset=&#8221;default&#8221; width=&#8221;100%&#8221; max_width=&#8221;100%&#8221; custom_margin=&#8221;0px|0px|0px|0px|false|false&#8221; custom_padding=&#8221;0px|0px|0px|0px|false|false&#8221; global_colors_info=&#8221;{}&#8221; theme_builder_area=&#8221;post_content&#8221;][et_pb_column type=&#8221;1_2&#8243; _builder_version=&#8221;4.18.1&#8243; _module_preset=&#8221;default&#8221; background_color=&#8221;#4D5A31&#8243; background_image=&#8221;https:\/\/kustlandet.se\/wp-content\/uploads\/sites\/20\/2022\/12\/leaf.png&#8221; background_size=&#8221;custom&#8221; background_image_width=&#8221;300px&#8221; background_position=&#8221;bottom_left&#8221; background_horizontal_offset=&#8221;-100px&#8221; background_vertical_offset=&#8221;-350px&#8221; custom_padding=&#8221;120px|40px|120px|120px|false|false&#8221; custom_padding_tablet=&#8221;100px|40px|100px|80px|false|false&#8221; custom_padding_phone=&#8221;80px|40px|80px|40px|false|false&#8221; background_last_edited=&#8221;on|desktop&#8221; background_size_tablet=&#8221;custom&#8221; background_image_width_tablet=&#8221;220px&#8221; background_image_width_phone=&#8221;240px&#8221; background_position_tablet=&#8221;top_left&#8221; background_position_phone=&#8221;bottom_left&#8221; background_horizontal_offset_tablet=&#8221;-30px&#8221; background_horizontal_offset_phone=&#8221;-80px&#8221; background_vertical_offset_tablet=&#8221;220px&#8221; background_vertical_offset_phone=&#8221;-260px&#8221; global_colors_info=&#8221;{}&#8221; custom_css_main_element_last_edited=&#8221;off|desktop&#8221; theme_builder_area=&#8221;post_content&#8221;][et_pb_text content_tablet=&#8221;<\/p>\n<h1>Kvarsebo<br \/>Utvecklingplan<\/h1>\n<\/p>\n<p>&#8221; content_phone=&#8221;<\/p>\n<h1>Kvarsebo<br \/>Utvecklingplan<\/h1>\n<p>&#8221; content_last_edited=&#8221;on|phone&#8221; _builder_version=&#8221;4.27.7&#8243; _module_preset=&#8221;default&#8221; header_font=&#8221;Oswald|500||on|||||&#8221; header_text_color=&#8221;#DDE5DA&#8221; header_font_size=&#8221;56px&#8221; max_width_tablet=&#8221;&#8221; max_width_phone=&#8221;&#8221; max_width_last_edited=&#8221;on|desktop&#8221; min_height=&#8221;56.2px&#8221; custom_margin=&#8221;||-19px||false|false&#8221; custom_padding=&#8221;||0px|||&#8221; header_font_size_tablet=&#8221;52px&#8221; header_font_size_phone=&#8221;35px&#8221; global_colors_info=&#8221;{}&#8221; theme_builder_area=&#8221;post_content&#8221;]<\/p>\n<h1>Kvarsebo<br \/>Utvecklingplan<\/h1>\n<p>&nbsp;<\/p>\n<p>[\/et_pb_text][\/et_pb_column][et_pb_column type=&#8221;1_2&#8243; _builder_version=&#8221;4.27.7&#8243; _module_preset=&#8221;default&#8221; background_color=&#8221;#A8C082&#8243; background_image=&#8221;https:\/\/kustlandet.se\/wp-content\/uploads\/sites\/20\/2023\/01\/Projektide-1.png&#8221; custom_padding=&#8221;0px|0px|0px|0px|false|false&#8221; custom_padding_last_edited=&#8221;off|desktop&#8221; global_colors_info=&#8221;{}&#8221; theme_builder_area=&#8221;post_content&#8221;][\/et_pb_column][\/et_pb_row][\/et_pb_section][et_pb_section fb_built=&#8221;1&#8243; custom_padding_last_edited=&#8221;on|tablet&#8221; _builder_version=&#8221;4.19.4&#8243; _module_preset=&#8221;default&#8221; custom_margin=&#8221;-66px|||||&#8221; custom_padding=&#8221;||0px||false|false&#8221; custom_padding_tablet=&#8221;0px||0px||false|false&#8221; custom_padding_phone=&#8221;0px||0px||false|false&#8221; global_colors_info=&#8221;{}&#8221; theme_builder_area=&#8221;post_content&#8221;][et_pb_row column_structure=&#8221;2_5,3_5&#8243; _builder_version=&#8221;4.19.4&#8243; _module_preset=&#8221;default&#8221; global_colors_info=&#8221;{}&#8221; theme_builder_area=&#8221;post_content&#8221;][et_pb_column type=&#8221;2_5&#8243; _builder_version=&#8221;4.19.4&#8243; _module_preset=&#8221;default&#8221; global_colors_info=&#8221;{}&#8221; theme_builder_area=&#8221;post_content&#8221;][et_pb_text _builder_version=&#8221;4.19.4&#8243; _module_preset=&#8221;default&#8221; custom_margin=&#8221;9px||-6px||false|false&#8221; custom_padding=&#8221;||8px||false|false&#8221; global_colors_info=&#8221;{}&#8221; theme_builder_area=&#8221;post_content&#8221;]<\/p>\n<h2>Om projektet<\/h2>\n<p>[\/et_pb_text][\/et_pb_column][et_pb_column type=&#8221;3_5&#8243; _builder_version=&#8221;4.19.4&#8243; _module_preset=&#8221;default&#8221; custom_padding_tablet=&#8221;0px|30px|0px|30px|false|false&#8221; global_colors_info=&#8221;{}&#8221; theme_builder_area=&#8221;post_content&#8221;][et_pb_text _builder_version=&#8221;4.27.7&#8243; _module_preset=&#8221;default&#8221; width=&#8221;103.09005297233666%&#8221; custom_margin=&#8221;|-21px|10px||false|false&#8221; custom_padding=&#8221;|2px|0px|0px||&#8221; global_colors_info=&#8221;{}&#8221; theme_builder_area=&#8221;post_content&#8221;]<\/p>\n<p>I Kvarsebo finns ett starkt f\u00f6reningsliv, ett stort lokalt engagemang och goda f\u00f6ruts\u00e4ttningar f\u00f6r fortsatt utveckling. F\u00f6r att st\u00e4rka Kvarsebos l\u00e5ngsiktiga attraktivitet och m\u00f6ta framtida behov har boende, f\u00f6reningar och f\u00f6retag gemensamt tagit fram en utvecklingsplan f\u00f6r Kvarsebo.\u00a0<\/p>\n<p>Utvecklingsplanen har identifierar fem centrala fokusomr\u00e5den: Attraktivitet, Skola, Boende, Service och Kommunikation. F\u00f6r varje omr\u00e5de har arbetsgrupper bildats f\u00f6r att driva utvecklingsfr\u00e5gorna fram\u00e5t. Samordnande har varit byar\u00e5det, som fungerar som en gemensam m\u00f6tesplats f\u00f6r bygdens f\u00f6reningar, verksamheter och engagerade inv\u00e5nare.<\/p>\n<p>Inom det h\u00e4r projektet ska n\u00e5gra av behoven som \u00e4r avg\u00f6rande f\u00f6r Kvarsebos fortsatta utveckling f\u00f6reverkligas. En viktig fr\u00e5ga \u00e4r att s\u00e4kerst\u00e4lla och st\u00e4rka den lokala, ideellt drivna skolan f\u00f6r \u00e5rskurs F\u20136. Skolan \u00e4r en central f\u00f6ruts\u00e4ttning f\u00f6r att barnfamiljer ska kunna bo kvar och f\u00f6r att nya familjer ska v\u00e4lja att flytta till omr\u00e5det. F\u00f6r att beh\u00e5lla och attrahera fler elever beh\u00f6ver skolans f\u00f6ruts\u00e4ttningar och verksamhetsmilj\u00f6 utvecklas.<\/p>\n<p>Ett annat identifierat behov \u00e4r att f\u00f6rb\u00e4ttra den lokala servicen. Utl\u00e4mningsst\u00e4llet f\u00f6r varor fr\u00e5n stormarknader och andra leverant\u00f6rer fyller en viktig funktion f\u00f6r boende i omr\u00e5det, men beh\u00f6ver utvecklas f\u00f6r att bli mer milj\u00f6anpassat och samtidigt f\u00e5 l\u00e4gre driftkostnader. En f\u00f6rb\u00e4ttrad l\u00f6sning kan bidra till b\u00e5de \u00f6kad service och en mer h\u00e5llbar vardag f\u00f6r Kvarsebos inv\u00e5nare.<\/p>\n<p>Kommunikation och digital synlighet \u00e4r ytterligare ett viktigt utvecklingsomr\u00e5de. Information om Kvarsebo och allt som bygden har att erbjuda beh\u00f6ver bli mer tillg\u00e4nglig och n\u00e5 fler m\u00e5lgrupper. Genom f\u00f6rb\u00e4ttrad kommunikation och marknadsf\u00f6ring kan fler uppt\u00e4cka Kvarsebo som en attraktiv plats att bes\u00f6ka, bo och verka p\u00e5. En \u00f6kad synlighet \u00e4r viktig b\u00e5de f\u00f6r att attrahera nya inv\u00e5nare och f\u00f6retag samt f\u00f6r att skapa goda f\u00f6ruts\u00e4ttningar f\u00f6r \u00e4ldre att kunna bo kvar i bygden.<\/p>\n<p>&nbsp;<\/p>\n<p>[\/et_pb_text][et_pb_text _builder_version=&#8221;4.27.7&#8243; _module_preset=&#8221;default&#8221; text_text_color=&#8221;#000000&#8243; header_3_text_color=&#8221;#0C4160&#8243; width=&#8221;103.09005297233666%&#8221; custom_margin=&#8221;|-21px|10px||false|false&#8221; custom_padding=&#8221;17px|2px||0px||&#8221; global_colors_info=&#8221;{}&#8221; theme_builder_area=&#8221;post_content&#8221;]<\/p>\n<h3>Projektets syfte och m\u00e5l<\/h3>\n<p>Projektets \u00f6vergripande syfte handlar om att st\u00e4rka Kvarsebos l\u00e5ngsiktiga livskraft genom att utveckla viktiga funktioner inom skola, service och kommunikation. Genom samverkan mellan boende, f\u00f6reningar och f\u00f6retag ska projektet bidra till att g\u00f6ra Kvarsebo \u00e4nnu mer attraktivt, f\u00f6r dagens inv\u00e5nare s\u00e5v\u00e4l som f\u00f6r framtida generationer. Projektets m\u00e5l \u00e4r:\u00a0<\/p>\n<p>&nbsp;<\/p>\n<ul>\n<li>Skolan ska ha utrustats med regnskydd, markiser och f\u00f6rr\u00e5d f\u00f6r barnvagnar.<\/li>\n<li>Solceller och batterier ska ha installerats p\u00e5 utl\u00e4mningsst\u00e4llet s\u00e5 att energif\u00f6rbrukningen s\u00e4nks och str\u00f6mf\u00f6rs\u00f6rjning till kylrum, frys och l\u00e5s s\u00e4krats mot elavbrott.<\/li>\n<li>En ny gemensam och lokalf\u00f6rvaltad digital plattform ska ha byggts och satts i bruk f\u00f6r utbyte och spridning av information internt och externt.<\/li>\n<\/ul>\n<p>[\/et_pb_text][\/et_pb_column][\/et_pb_row][\/et_pb_section][et_pb_section fb_built=&#8221;1&#8243; custom_padding_last_edited=&#8221;on|tablet&#8221; disabled_on=&#8221;on|on|on&#8221; _builder_version=&#8221;4.19.4&#8243; _module_preset=&#8221;default&#8221; custom_padding=&#8221;||0px||false|false&#8221; custom_padding_tablet=&#8221;0px||0px||false|false&#8221; custom_padding_phone=&#8221;0px||0px||false|false&#8221; disabled=&#8221;on&#8221; global_colors_info=&#8221;{}&#8221; theme_builder_area=&#8221;post_content&#8221;][et_pb_row column_structure=&#8221;1_2,1_2&#8243; _builder_version=&#8221;4.19.4&#8243; _module_preset=&#8221;f5fa9002-e1ac-46a1-bbe6-abcf9e7f7c4e&#8221; background_color=&#8221;#0C4160&#8243; custom_css_main_element=&#8221;display: flex;&#8221; locked=&#8221;off&#8221; global_colors_info=&#8221;{}&#8221; custom_css_main_element_tablet=&#8221;display: block&#8221; theme_builder_area=&#8221;post_content&#8221;][et_pb_column type=&#8221;1_2&#8243; _builder_version=&#8221;4.18.1&#8243; _module_preset=&#8221;46324cd7-25ce-45c8-b351-a4d0778ffc36&#8243; custom_padding=&#8221;0px|0px|0px|0px|false|false&#8221; custom_padding_tablet=&#8221;0px|0px|0px|0px|false|false&#8221; custom_padding_phone=&#8221;0px|0px|30px|0px|false|false&#8221; custom_padding_last_edited=&#8221;on|phone&#8221; global_colors_info=&#8221;{}&#8221; theme_builder_area=&#8221;post_content&#8221;][et_pb_gallery gallery_ids=&#8221;568,570,572&#8243; fullwidth=&#8221;on&#8221; _builder_version=&#8221;4.19.4&#8243; _module_preset=&#8221;default&#8221; title_text_color=&#8221;#FFFFFF&#8221; pagination_text_color=&#8221;#FFFFFF&#8221; global_colors_info=&#8221;{}&#8221; theme_builder_area=&#8221;post_content&#8221;][\/et_pb_gallery][\/et_pb_column][et_pb_column type=&#8221;1_2&#8243; _builder_version=&#8221;4.19.4&#8243; _module_preset=&#8221;46324cd7-25ce-45c8-b351-a4d0778ffc36&#8243; custom_padding=&#8221;40px|40px||40px|false|false&#8221; custom_padding_tablet=&#8221;30px|30px||30px|false|false&#8221; custom_padding_phone=&#8221;0px|0px||0px|false|false&#8221; custom_padding_last_edited=&#8221;on|phone&#8221; custom_css_main_element=&#8221;display: flex;||flex-direction: column;||justify-content: center;&#8221; global_colors_info=&#8221;{}&#8221; custom_css_main_element_tablet=&#8221;display: block;&#8221; custom_css_main_element_phone=&#8221;display: block;&#8221; theme_builder_area=&#8221;post_content&#8221;][et_pb_text _builder_version=&#8221;4.19.5&#8243; _module_preset=&#8221;85ddcd9a-bba9-4dcd-9673-e023bb3f643a&#8221; text_font=&#8221;Oswald|500||on|||||&#8221; text_font_size_tablet=&#8221;14px&#8221; text_font_size_phone=&#8221;12px&#8221; text_font_size_last_edited=&#8221;on|phone&#8221; global_colors_info=&#8221;{}&#8221; theme_builder_area=&#8221;post_content&#8221;]Citat fr\u00e5n projektans\u00f6kan[\/et_pb_text][et_pb_text _builder_version=&#8221;4.19.4&#8243; _module_preset=&#8221;85ddcd9a-bba9-4dcd-9673-e023bb3f643a&#8221; global_colors_info=&#8221;{}&#8221; theme_builder_area=&#8221;post_content&#8221;]<\/p>\n<h2>\u201dLeader hj\u00e4lpte oss att f\u00f6rverkliga v\u00e5r klimatomst\u00e4llning\u201d<\/h2>\n<p>[\/et_pb_text][\/et_pb_column][\/et_pb_row][\/et_pb_section][et_pb_section fb_built=&#8221;1&#8243; custom_padding_last_edited=&#8221;on|tablet&#8221; disabled_on=&#8221;on|on|on&#8221; _builder_version=&#8221;4.19.4&#8243; _module_preset=&#8221;default&#8221; custom_padding=&#8221;||||false|false&#8221; custom_padding_tablet=&#8221;0px||||false|false&#8221; custom_padding_phone=&#8221;0px||||false|false&#8221; disabled=&#8221;on&#8221; global_colors_info=&#8221;{}&#8221; theme_builder_area=&#8221;post_content&#8221;][et_pb_row column_structure=&#8221;1_2,1_2&#8243; custom_padding_last_edited=&#8221;on|tablet&#8221; _builder_version=&#8221;4.19.4&#8243; _module_preset=&#8221;default&#8221; custom_padding_tablet=&#8221;0px||||false|false&#8221; custom_padding_phone=&#8221;0px||||false|false&#8221; global_colors_info=&#8221;{}&#8221; theme_builder_area=&#8221;post_content&#8221;][et_pb_column type=&#8221;1_2&#8243; _builder_version=&#8221;4.19.4&#8243; _module_preset=&#8221;default&#8221; global_colors_info=&#8221;{}&#8221; theme_builder_area=&#8221;post_content&#8221;][et_pb_text _builder_version=&#8221;4.19.4&#8243; _module_preset=&#8221;default&#8221; global_colors_info=&#8221;{}&#8221; theme_builder_area=&#8221;post_content&#8221;]<\/p>\n<h2>H\u00e4r \u00e4r en underrubrik<\/h2>\n<p>[\/et_pb_text][et_pb_text _builder_version=&#8221;4.19.4&#8243; _module_preset=&#8221;default&#8221; global_colors_info=&#8221;{}&#8221; theme_builder_area=&#8221;post_content&#8221;]Lorem ipsum dolor sit amet, consectetur adipiscing elit, sed do eiusmod tempor incididunt ut labore et dolore magna aliqua. Ut enim ad minim veniam, quis nostrud exercitation ullamco laboris nisi ut aliquip ex ea commodo consequat. Duis aute irure dolor in reprehenderit in voluptate velit esse cillum dolore eu fugiat nulla pariatur.<\/p>\n<p>Excepteur sint occaecat cupidatat non proident, sunt in culpa qui officia deserunt mollit anim id est laborum. Lorem ipsum dolor sit amet, consectetur adipiscing elit, sed do eiusmod tempor incididunt ut labore et dolore magna aliqua. Ut enim ad minim veniam, quis nostrud exercitation ullamco laboris nisi ut aliquip ex ea commodo consequat.[\/et_pb_text][\/et_pb_column][et_pb_column type=&#8221;1_2&#8243; _builder_version=&#8221;4.19.4&#8243; _module_preset=&#8221;default&#8221; global_colors_info=&#8221;{}&#8221; theme_builder_area=&#8221;post_content&#8221;][et_pb_video src=&#8221;https:\/\/youtu.be\/u31qwQUeGuM&#8221; _builder_version=&#8221;4.19.4&#8243; _module_preset=&#8221;default&#8221; global_colors_info=&#8221;{}&#8221; theme_builder_area=&#8221;post_content&#8221;][\/et_pb_video][\/et_pb_column][\/et_pb_row][\/et_pb_section][et_pb_section fb_built=&#8221;1&#8243; custom_padding_last_edited=&#8221;on|tablet&#8221; _builder_version=&#8221;4.19.4&#8243; _module_preset=&#8221;default&#8221; background_color=&#8221;#DDE5DA&#8221; custom_padding=&#8221;0px||0px||false|false&#8221; custom_padding_tablet=&#8221;0px||0px||false|false&#8221; custom_padding_phone=&#8221;0px||0px||false|false&#8221; global_colors_info=&#8221;{}&#8221; theme_builder_area=&#8221;post_content&#8221;][et_pb_row column_structure=&#8221;1_3,1_3,1_3&#8243; _builder_version=&#8221;4.19.4&#8243; _module_preset=&#8221;default&#8221; custom_padding=&#8221;||78px|||&#8221; global_colors_info=&#8221;{}&#8221; theme_builder_area=&#8221;post_content&#8221;][et_pb_column type=&#8221;1_3&#8243; _builder_version=&#8221;4.19.4&#8243; _module_preset=&#8221;default&#8221; global_colors_info=&#8221;{}&#8221; theme_builder_area=&#8221;post_content&#8221;][et_pb_text _builder_version=&#8221;4.24.2&#8243; _module_preset=&#8221;c04db86c-e499-4427-86fb-2307eaad8705&#8243; text_font=&#8221;Oswald|500||on|||||&#8221; text_text_color=&#8221;#4D5A31&#8243; text_font_size=&#8221;20px&#8221; text_font_size_tablet=&#8221;14px&#8221; text_font_size_phone=&#8221;16px&#8221; text_font_size_last_edited=&#8221;on|phone&#8221; locked=&#8221;off&#8221; global_colors_info=&#8221;{}&#8221; theme_builder_area=&#8221;post_content&#8221;]<\/p>\n<p>Om projektet<\/p>\n<p>[\/et_pb_text][et_pb_text _builder_version=&#8221;4.27.7&#8243; _module_preset=&#8221;default&#8221; custom_margin=&#8221;20px||20px||false|false&#8221; global_colors_info=&#8221;{}&#8221; theme_builder_area=&#8221;post_content&#8221;]<\/p>\n<p><strong>Projektperiod<br \/><\/strong>26.04.20-27.05.31<\/p>\n<p>[\/et_pb_text][et_pb_text _builder_version=&#8221;4.27.6&#8243; _module_preset=&#8221;default&#8221; custom_margin=&#8221;20px||20px||false|false&#8221; global_colors_info=&#8221;{}&#8221; theme_builder_area=&#8221;post_content&#8221;]<\/p>\n<p><strong>Projekttyp<br \/><\/strong>Projektst\u00f6d\u00a0<\/p>\n<p>[\/et_pb_text][et_pb_text _builder_version=&#8221;4.27.7&#8243; _module_preset=&#8221;default&#8221; custom_margin=&#8221;20px||20px||false|false&#8221; global_colors_info=&#8221;{}&#8221; theme_builder_area=&#8221;post_content&#8221;]<\/p>\n<p><strong>Insatsomr\u00e5de<br \/><\/strong>Boende, infrastruktur och kommunikationer<\/p>\n<p>[\/et_pb_text][et_pb_text _builder_version=&#8221;4.27.7&#8243; _module_preset=&#8221;default&#8221; custom_margin=&#8221;20px||20px||false|false&#8221; global_colors_info=&#8221;{}&#8221; theme_builder_area=&#8221;post_content&#8221;]<\/p>\n<p><strong>Projekt\u00e4gare<br \/><\/strong>Kvarsebo Idrottsklubb<\/p>\n<p>[\/et_pb_text][et_pb_text _builder_version=&#8221;4.27.7&#8243; _module_preset=&#8221;default&#8221; custom_margin=&#8221;20px||20px||false|false&#8221; global_colors_info=&#8221;{}&#8221; theme_builder_area=&#8221;post_content&#8221;]<\/p>\n<p><strong>Kontaktperson<br \/><\/strong>Kristina Lindberg &amp; Jan Kleist<\/p>\n<p>[\/et_pb_text][et_pb_text _builder_version=&#8221;4.27.7&#8243; _module_preset=&#8221;default&#8221; custom_margin=&#8221;20px||20px||false|false&#8221; global_colors_info=&#8221;{}&#8221; theme_builder_area=&#8221;post_content&#8221;]<\/p>\n<p><strong>Webb och sociala medier<br \/><\/strong><span style=\"text-decoration: underline;\"><a href=\"https:\/\/www.kvarsebo.com\/\">Webbsida<\/a><\/span><\/p>\n<p>[\/et_pb_text][\/et_pb_column][et_pb_column type=&#8221;1_3&#8243; _builder_version=&#8221;4.19.4&#8243; _module_preset=&#8221;default&#8221; global_colors_info=&#8221;{}&#8221; theme_builder_area=&#8221;post_content&#8221;][\/et_pb_column][et_pb_column type=&#8221;1_3&#8243; _builder_version=&#8221;4.19.4&#8243; _module_preset=&#8221;default&#8221; global_colors_info=&#8221;{}&#8221; theme_builder_area=&#8221;post_content&#8221;][et_pb_text _builder_version=&#8221;4.24.2&#8243; _module_preset=&#8221;c04db86c-e499-4427-86fb-2307eaad8705&#8243; text_font=&#8221;Oswald|500||on|||||&#8221; text_text_color=&#8221;#4D5A31&#8243; text_font_size=&#8221;20px&#8221; header_5_font_size=&#8221;26px&#8221; text_font_size_tablet=&#8221;14px&#8221; text_font_size_phone=&#8221;16px&#8221; text_font_size_last_edited=&#8221;on|phone&#8221; header_5_font_size_tablet=&#8221;26px&#8221; header_5_font_size_phone=&#8221;26px&#8221; header_5_font_size_last_edited=&#8221;on|phone&#8221; locked=&#8221;off&#8221; global_colors_info=&#8221;{}&#8221; theme_builder_area=&#8221;post_content&#8221;]<\/p>\n<p>Om finansiering<\/p>\n<p>[\/et_pb_text][et_pb_text _builder_version=&#8221;4.27.7&#8243; _module_preset=&#8221;default&#8221; custom_margin=&#8221;20px||20px||false|false&#8221; global_colors_info=&#8221;{}&#8221; theme_builder_area=&#8221;post_content&#8221;]<\/p>\n<p><strong>Beviljat leaderst\u00f6d<br \/><\/strong>245 740 kr<\/p>\n<p>[\/et_pb_text][et_pb_text _builder_version=&#8221;4.27.7&#8243; _module_preset=&#8221;default&#8221; custom_margin=&#8221;20px||20px||false|false&#8221; global_colors_info=&#8221;{}&#8221; theme_builder_area=&#8221;post_content&#8221;]<\/p>\n<p><strong>\u00d6vrig offentlig finansiering<br \/><\/strong>Norrk\u00f6pings kommun: 178 000 kr<\/p>\n<p>[\/et_pb_text][et_pb_text _builder_version=&#8221;4.27.7&#8243; _module_preset=&#8221;default&#8221; custom_margin=&#8221;20px||20px||false|false&#8221; global_colors_info=&#8221;{}&#8221; theme_builder_area=&#8221;post_content&#8221;]<\/p>\n<p><strong>Ideellt arbete:\u00a0<\/strong><b><br \/><\/b>750 h ideellt arbete<\/p>\n<p>[\/et_pb_text][et_pb_text _builder_version=&#8221;4.27.7&#8243; _module_preset=&#8221;default&#8221; custom_margin=&#8221;20px||20px||false|false&#8221; hover_enabled=&#8221;0&#8243; global_colors_info=&#8221;{}&#8221; theme_builder_area=&#8221;post_content&#8221; sticky_enabled=&#8221;0&#8243;]<\/p>\n<p><strong>Total finansiering<\/strong><b><br \/><\/b>423 740 kr<\/p>\n<p>[\/et_pb_text][et_pb_text _builder_version=&#8221;4.27.6&#8243; _module_preset=&#8221;default&#8221; custom_margin=&#8221;20px||20px||false|false&#8221; global_colors_info=&#8221;{}&#8221; theme_builder_area=&#8221;post_content&#8221;]<\/p>\n<p>Leaderst\u00f6det best\u00e5r av finansiering fr\u00e5n EU och staten och Kustlandets ing\u00e5ende kommuner.\u00a0<\/p>\n<p>[\/et_pb_text][et_pb_text _builder_version=&#8221;4.27.7&#8243; _module_preset=&#8221;default&#8221; custom_margin=&#8221;20px||20px||false|false&#8221; global_colors_info=&#8221;{}&#8221; theme_builder_area=&#8221;post_content&#8221;]<\/p>\n<p><b>Ing\u00e5ende EU-medel har beviljats ur:<br \/><\/b>Landsbygdsfonden<\/p>\n<p>[\/et_pb_text][et_pb_button button_url=&#8221;@ET-DC@eyJkeW5hbWljIjp0cnVlLCJjb250ZW50IjoicG9zdF9saW5rX3VybF9wYWdlIiwic2V0dGluZ3MiOnsicG9zdF9pZCI6IjYwMyIsImVuYWJsZV9odG1sIjoib2ZmIn19@&#8221; button_text=&#8221;Tillbaka till alla projekt&#8221; _builder_version=&#8221;4.25.2&#8243; _dynamic_attributes=&#8221;button_url&#8221; _module_preset=&#8221;default&#8221; global_colors_info=&#8221;{}&#8221; theme_builder_area=&#8221;post_content&#8221;][\/et_pb_button][\/et_pb_column][\/et_pb_row][\/et_pb_section][et_pb_section fb_built=&#8221;1&#8243; fullwidth=&#8221;on&#8221; _builder_version=&#8221;4.19.5&#8243; _module_preset=&#8221;default&#8221; background_color=&#8221;#A8C082&#8243; min_height=&#8221;106px&#8221; custom_margin=&#8221;-43px||-123px|||&#8221; custom_padding=&#8221;||40px|||&#8221; global_colors_info=&#8221;{}&#8221; theme_builder_area=&#8221;post_content&#8221;][\/et_pb_section]<\/p>\n","protected":false},"excerpt":{"rendered":"<p>Kvarsebo utvecklas f\u00f6r framtiden! Genom satsningar p\u00e5 skola, service och h\u00e5llbara l\u00f6sningar ska bygden bli \u00e4nnu mer attraktiv f\u00f6r boende, bes\u00f6kare, f\u00f6retag och framtida inv\u00e5nare<\/p>","protected":false},"featured_media":4126,"template":"","meta":{"_acf_changed":false,"_et_pb_use_builder":"on","_et_pb_old_content":"","_et_gb_content_width":"","_links_to":"","_links_to_target":""},"projektstatus":[13],"insatsomrade":[29],"projekttyp":[26],"programperiod":[22],"plats-for-genomforande":[],"kommun":[40],"typ_av_projektagare":[27],"class_list":["post-4878","projekt","type-projekt","status-publish","has-post-thumbnail","hentry","projektstatus-aktuellt","insatsomrade-boende-infrastruktur-och-kommunikationer","projekttyp-projektstod","programperiod-2023-2027","kommun-norrkopings-kommun","typ_av_projektagare-forening"],"acf":[],"yoast_head":"<!-- This site is optimized with the Yoast SEO plugin v28.2 - https:\/\/yoast.com\/product\/yoast-seo-wordpress\/ -->\n<title>Kvarsebo Utvecklingsplan - Kustlandet<\/title>\n<meta name=\"description\" content=\"Kvarsebo Utvecklingsplan ska f\u00f6rverkligas genom satsningar p\u00e5 skola, service, h\u00e5llbarhet och kommunikation f\u00f6r en attraktiv framtid.\" \/>\n<meta name=\"robots\" content=\"index, follow, max-snippet:-1, max-image-preview:large, max-video-preview:-1\" \/>\n<link rel=\"canonical\" href=\"https:\/\/kustlandet.se\/en\/projekt\/kvarsebo-utvecklingsplan\/\" \/>\n<meta property=\"og:locale\" content=\"en_US\" \/>\n<meta property=\"og:type\" content=\"article\" \/>\n<meta property=\"og:title\" content=\"Kvarsebo Utvecklingsplan - Kustlandet\" \/>\n<meta property=\"og:description\" content=\"Kvarsebo Utvecklingsplan ska f\u00f6rverkligas genom satsningar p\u00e5 skola, service, h\u00e5llbarhet och kommunikation f\u00f6r en attraktiv framtid.\" \/>\n<meta property=\"og:url\" content=\"https:\/\/kustlandet.se\/en\/projekt\/kvarsebo-utvecklingsplan\/\" \/>\n<meta property=\"og:site_name\" content=\"Kustlandet\" \/>\n<meta property=\"article:modified_time\" content=\"2026-09-02T13:58:11+00:00\" \/>\n<meta property=\"og:image\" content=\"https:\/\/kustlandet.se\/wp-content\/uploads\/sites\/20\/2025\/04\/Soka.png\" \/>\n\t<meta property=\"og:image:width\" content=\"1500\" \/>\n\t<meta property=\"og:image:height\" content=\"1000\" \/>\n\t<meta property=\"og:image:type\" content=\"image\/png\" \/>\n<meta name=\"twitter:card\" content=\"summary_large_image\" \/>\n<meta name=\"twitter:label1\" content=\"Est. reading time\" \/>\n\t<meta name=\"twitter:data1\" content=\"3 minutes\" \/>\n<script type=\"application\/ld+json\" class=\"yoast-schema-graph\">{\"@context\":\"https:\\\/\\\/schema.org\",\"@graph\":[{\"@type\":\"WebPage\",\"@id\":\"https:\\\/\\\/kustlandet.se\\\/projekt\\\/kvarsebo-utvecklingsplan\\\/\",\"url\":\"https:\\\/\\\/kustlandet.se\\\/projekt\\\/kvarsebo-utvecklingsplan\\\/\",\"name\":\"Kvarsebo Utvecklingsplan - Kustlandet\",\"isPartOf\":{\"@id\":\"https:\\\/\\\/kustlandet.se\\\/#website\"},\"primaryImageOfPage\":{\"@id\":\"https:\\\/\\\/kustlandet.se\\\/projekt\\\/kvarsebo-utvecklingsplan\\\/#primaryimage\"},\"image\":{\"@id\":\"https:\\\/\\\/kustlandet.se\\\/projekt\\\/kvarsebo-utvecklingsplan\\\/#primaryimage\"},\"thumbnailUrl\":\"https:\\\/\\\/kustlandet.se\\\/wp-content\\\/uploads\\\/sites\\\/20\\\/2025\\\/04\\\/Soka.png\",\"datePublished\":\"2026-09-02T13:11:19+00:00\",\"dateModified\":\"2026-09-02T13:58:11+00:00\",\"description\":\"Kvarsebo Utvecklingsplan ska f\u00f6rverkligas genom satsningar p\u00e5 skola, service, h\u00e5llbarhet och kommunikation f\u00f6r en attraktiv framtid.\",\"breadcrumb\":{\"@id\":\"https:\\\/\\\/kustlandet.se\\\/projekt\\\/kvarsebo-utvecklingsplan\\\/#breadcrumb\"},\"inLanguage\":\"en-US\",\"potentialAction\":[{\"@type\":\"ReadAction\",\"target\":[\"https:\\\/\\\/kustlandet.se\\\/projekt\\\/kvarsebo-utvecklingsplan\\\/\"]}]},{\"@type\":\"ImageObject\",\"inLanguage\":\"en-US\",\"@id\":\"https:\\\/\\\/kustlandet.se\\\/projekt\\\/kvarsebo-utvecklingsplan\\\/#primaryimage\",\"url\":\"https:\\\/\\\/kustlandet.se\\\/wp-content\\\/uploads\\\/sites\\\/20\\\/2025\\\/04\\\/Soka.png\",\"contentUrl\":\"https:\\\/\\\/kustlandet.se\\\/wp-content\\\/uploads\\\/sites\\\/20\\\/2025\\\/04\\\/Soka.png\",\"width\":1500,\"height\":1000},{\"@type\":\"BreadcrumbList\",\"@id\":\"https:\\\/\\\/kustlandet.se\\\/projekt\\\/kvarsebo-utvecklingsplan\\\/#breadcrumb\",\"itemListElement\":[{\"@type\":\"ListItem\",\"position\":1,\"name\":\"Hem\",\"item\":\"https:\\\/\\\/kustlandet.se\\\/\"},{\"@type\":\"ListItem\",\"position\":2,\"name\":\"Kvarsebo Utvecklingsplan\"}]},{\"@type\":\"WebSite\",\"@id\":\"https:\\\/\\\/kustlandet.se\\\/#website\",\"url\":\"https:\\\/\\\/kustlandet.se\\\/\",\"name\":\"Kustlandet\",\"description\":\"\",\"potentialAction\":[{\"@type\":\"SearchAction\",\"target\":{\"@type\":\"EntryPoint\",\"urlTemplate\":\"https:\\\/\\\/kustlandet.se\\\/?s={search_term_string}\"},\"query-input\":{\"@type\":\"PropertyValueSpecification\",\"valueRequired\":true,\"valueName\":\"search_term_string\"}}],\"inLanguage\":\"en-US\"}]}<\/script>\n<!-- \/ Yoast SEO plugin. -->","yoast_head_json":{"title":"Kvarsebo Utvecklingsplan - Kustlandet","description":"Kvarsebo Utvecklingsplan ska f\u00f6rverkligas genom satsningar p\u00e5 skola, service, h\u00e5llbarhet och kommunikation f\u00f6r en attraktiv framtid.","robots":{"index":"index","follow":"follow","max-snippet":"max-snippet:-1","max-image-preview":"max-image-preview:large","max-video-preview":"max-video-preview:-1"},"canonical":"https:\/\/kustlandet.se\/en\/projekt\/kvarsebo-utvecklingsplan\/","og_locale":"en_US","og_type":"article","og_title":"Kvarsebo Utvecklingsplan - Kustlandet","og_description":"Kvarsebo Utvecklingsplan ska f\u00f6rverkligas genom satsningar p\u00e5 skola, service, h\u00e5llbarhet och kommunikation f\u00f6r en attraktiv framtid.","og_url":"https:\/\/kustlandet.se\/en\/projekt\/kvarsebo-utvecklingsplan\/","og_site_name":"Kustlandet","article_modified_time":"2026-09-02T13:58:11+00:00","og_image":[{"width":1500,"height":1000,"url":"https:\/\/kustlandet.se\/wp-content\/uploads\/sites\/20\/2025\/04\/Soka.png","type":"image\/png"}],"twitter_card":"summary_large_image","twitter_misc":{"Est. reading time":"3 minutes"},"schema":{"@context":"https:\/\/schema.org","@graph":[{"@type":"WebPage","@id":"https:\/\/kustlandet.se\/projekt\/kvarsebo-utvecklingsplan\/","url":"https:\/\/kustlandet.se\/projekt\/kvarsebo-utvecklingsplan\/","name":"Kvarsebo Utvecklingsplan - Kustlandet","isPartOf":{"@id":"https:\/\/kustlandet.se\/#website"},"primaryImageOfPage":{"@id":"https:\/\/kustlandet.se\/projekt\/kvarsebo-utvecklingsplan\/#primaryimage"},"image":{"@id":"https:\/\/kustlandet.se\/projekt\/kvarsebo-utvecklingsplan\/#primaryimage"},"thumbnailUrl":"https:\/\/kustlandet.se\/wp-content\/uploads\/sites\/20\/2025\/04\/Soka.png","datePublished":"2026-09-02T13:11:19+00:00","dateModified":"2026-09-02T13:58:11+00:00","description":"Kvarsebo Utvecklingsplan ska f\u00f6rverkligas genom satsningar p\u00e5 skola, service, h\u00e5llbarhet och kommunikation f\u00f6r en attraktiv framtid.","breadcrumb":{"@id":"https:\/\/kustlandet.se\/projekt\/kvarsebo-utvecklingsplan\/#breadcrumb"},"inLanguage":"en-US","potentialAction":[{"@type":"ReadAction","target":["https:\/\/kustlandet.se\/projekt\/kvarsebo-utvecklingsplan\/"]}]},{"@type":"ImageObject","inLanguage":"en-US","@id":"https:\/\/kustlandet.se\/projekt\/kvarsebo-utvecklingsplan\/#primaryimage","url":"https:\/\/kustlandet.se\/wp-content\/uploads\/sites\/20\/2025\/04\/Soka.png","contentUrl":"https:\/\/kustlandet.se\/wp-content\/uploads\/sites\/20\/2025\/04\/Soka.png","width":1500,"height":1000},{"@type":"BreadcrumbList","@id":"https:\/\/kustlandet.se\/projekt\/kvarsebo-utvecklingsplan\/#breadcrumb","itemListElement":[{"@type":"ListItem","position":1,"name":"Hem","item":"https:\/\/kustlandet.se\/"},{"@type":"ListItem","position":2,"name":"Kvarsebo Utvecklingsplan"}]},{"@type":"WebSite","@id":"https:\/\/kustlandet.se\/#website","url":"https:\/\/kustlandet.se\/","name":"The Coastal Land","description":"","potentialAction":[{"@type":"SearchAction","target":{"@type":"EntryPoint","urlTemplate":"https:\/\/kustlandet.se\/?s={search_term_string}"},"query-input":{"@type":"PropertyValueSpecification","valueRequired":true,"valueName":"search_term_string"}}],"inLanguage":"en-US"}]}},"_links":{"self":[{"href":"https:\/\/kustlandet.se\/en\/wp-json\/wp\/v2\/projekt\/4878","targetHints":{"allow":["GET"]}}],"collection":[{"href":"https:\/\/kustlandet.se\/en\/wp-json\/wp\/v2\/projekt"}],"about":[{"href":"https:\/\/kustlandet.se\/en\/wp-json\/wp\/v2\/types\/projekt"}],"version-history":[{"count":8,"href":"https:\/\/kustlandet.se\/en\/wp-json\/wp\/v2\/projekt\/4878\/revisions"}],"predecessor-version":[{"id":4893,"href":"https:\/\/kustlandet.se\/en\/wp-json\/wp\/v2\/projekt\/4878\/revisions\/4893"}],"wp:featuredmedia":[{"embeddable":true,"href":"https:\/\/kustlandet.se\/en\/wp-json\/wp\/v2\/media\/4126"}],"wp:attachment":[{"href":"https:\/\/kustlandet.se\/en\/wp-json\/wp\/v2\/media?parent=4878"}],"wp:term":[{"taxonomy":"projektstatus","embeddable":true,"href":"https:\/\/kustlandet.se\/en\/wp-json\/wp\/v2\/projektstatus?post=4878"},{"taxonomy":"insatsomrade","embeddable":true,"href":"https:\/\/kustlandet.se\/en\/wp-json\/wp\/v2\/insatsomrade?post=4878"},{"taxonomy":"projekttyp","embeddable":true,"href":"https:\/\/kustlandet.se\/en\/wp-json\/wp\/v2\/projekttyp?post=4878"},{"taxonomy":"programperiod","embeddable":true,"href":"https:\/\/kustlandet.se\/en\/wp-json\/wp\/v2\/programperiod?post=4878"},{"taxonomy":"plats-for-genomforande","embeddable":true,"href":"https:\/\/kustlandet.se\/en\/wp-json\/wp\/v2\/plats-for-genomforande?post=4878"},{"taxonomy":"kommun","embeddable":true,"href":"https:\/\/kustlandet.se\/en\/wp-json\/wp\/v2\/kommun?post=4878"},{"taxonomy":"typ_av_projektagare","embeddable":true,"href":"https:\/\/kustlandet.se\/en\/wp-json\/wp\/v2\/typ_av_projektagare?post=4878"}],"curies":[{"name":"wp","href":"https:\/\/api.w.org\/{rel}","templated":true}]}}